{"id":1975,"date":"2020-12-01T18:08:58","date_gmt":"2020-12-01T17:08:58","guid":{"rendered":"https:\/\/www.sil.swiss\/home\/"},"modified":"2025-12-12T15:42:59","modified_gmt":"2025-12-12T14:42:59","slug":"home","status":"publish","type":"page","link":"https:\/\/www.sil.swiss\/fr\/","title":{"rendered":"Home"},"content":{"rendered":"<p>[vc_row][vc_column]<div class='basic-container basic-container--bg-blue basic-container--text-white  clearfix' data-row><div class='basic-container__content basic-container__content--boxed'><div class='cta-block cta-block--text-white '><div class='cta-block__text'>L\u2019int\u00e9gration professionnelle propos\u00e9e par SIL repose sur la personnalisation de chaque parcours et sur la d\u00e9finition d\u2019objectifs concrets, r\u00e9alistes et align\u00e9s sur les besoins du tissu \u00e9conomique.<\/div><div class='cta-block__link'><a href='https:\/\/www.sil.swiss\/fr\/methode\/'class='cta-block__link__button' >La m\u00e9thode<\/a><\/div<\/div><\/div><\/div>[\/vc_column][\/vc_row][vc_row][vc_column]<div class='basic-container basic-container--bg-grey basic-container--text-black  clearfix' data-row><div class='basic-container__content basic-container__content--standard'><div class='skills-grid clearfix ' data-skills-grid-end><div class='skills-grid__content clearfix'><h2 class='skills-grid__content__title'>Services<\/h2><div class='skills-grid__content__nav' data-skills-nav><div class='skills-nav-mov' data-skills-nav-mov><div class='skills-grid__content__nav__wrapper'><div class='skills-grid__content__nav__wrapper__btn active hide-the-button' data-skills-nav-el='tutti'>Vedi tutti<\/div><div class='skills-grid__content__nav__wrapper__btn' data-skills-nav-el='servizi-alle-aziende'>Services aux entreprises<\/div><div class='skills-grid__content__nav__wrapper__btn' data-skills-nav-el='servizi-al-pubblico'>Services au public<\/div><\/div><\/div><\/div><\/div><div class='skills-grid__wrapper'><div class='skills-grid__wrapper__grid' data-skill-grid-carousel><div class='skill' data-skill data-skill-category='servizi-alle-aziende'><a href='\/fr\/services#coaching-in-azienda'><div class='skill__wrapper'><div class='skill__wrapper__title'><div class='skill__wrapper__title__text' data-title='Coaching en entreprise' data-skill-title>Coaching en entreprise <\/div><\/div><div class='skill__wrapper__name'>Coaching en entreprise<\/div><div class='skill__wrapper__content'>V\u00e9rifications directes en entreprise lors de la phase d\u2019\u00e9valuation, gr\u00e2ce \u00e0 la collaboration avec un r\u00e9seau dense d\u2019acteurs locaux.\r\nSoutien continu au travailleur avant, pendant et apr\u00e8s son int\u00e9gration dans l\u2019entreprise, afin de renforcer ses comp\u00e9tences professionnelles.<\/div><div class='skill__wrapper__cta icon-right-arrow'><\/svg><\/div><\/div><\/a><\/div><div class='skill' data-skill data-skill-category='servizi-alle-aziende'><a href='\/fr\/services#corsi-formazione-aziendale'><div class='skill__wrapper'><div class='skill__wrapper__title'><div class='skill__wrapper__title__text' data-title='Cours de formation en entreprise' data-skill-title>Cours de formation en entreprise <\/div><\/div><div class='skill__wrapper__name'>Cours de formation en entreprise<\/div><div class='skill__wrapper__content'>Une partie th\u00e9orique accompagn\u00e9e de simulations et d\u2019exercices en salle.\r\n\r\nTh\u00e8mes abord\u00e9s :\r\nla gestion des \u00e9motions dans le milieu professionnel (notamment la reconnaissance, la gestion et les techniques de d\u00e9sescalade de l\u2019agressivit\u00e9, y compris verbale)\r\nles techniques de n\u00e9gociation\r\nla communication efficace et persuasive\r\nune approche adapt\u00e9e des th\u00e9matiques de la diversit\u00e9, de l\u2019inclusion et de l\u2019\u00e9galit\u00e9.<\/div><div class='skill__wrapper__cta icon-right-arrow'><\/svg><\/div><\/div><\/a><\/div><div class='skill' data-skill data-skill-category='servizi-alle-aziende'><a href='\/fr\/services#recruitment-selezione-personale'><div class='skill__wrapper'><div class='skill__wrapper__title'><div class='skill__wrapper__title__text' data-title='Recrutement et s\u00e9lection du personnel' data-skill-title>Recrutement et s\u00e9lection du personnel <\/div><\/div><div class='skill__wrapper__name'>Recrutement et s\u00e9lection du personnel<\/div><div class='skill__wrapper__content'>Recherche et s\u00e9lection de profils professionnels \u00e0 int\u00e9grer dans l\u2019entreprise, y compris parmi les utilisateurs des services d\u2019int\u00e9gration professionnelle.<\/div><div class='skill__wrapper__cta icon-right-arrow'><\/svg><\/div><\/div><\/a><\/div><div class='skill' data-skill data-skill-category='servizi-alle-aziende'><a href='\/fr\/services#newplacement-aziendale'><div class='skill__wrapper'><div class='skill__wrapper__title'><div class='skill__wrapper__title__text' data-title='Newplacement d\u2019entreprise' data-skill-title>Newplacement d\u2019entreprise <\/div><\/div><div class='skill__wrapper__name'>Newplacement d\u2019entreprise<\/div><div class='skill__wrapper__content'>Red\u00e9ploiement au sein de l\u2019entreprise d\u2019une ressource d\u00e9j\u00e0 pr\u00e9sente, vers un autre secteur ou d\u00e9partement, en fonction des besoins sp\u00e9cifiques de l\u2019entreprise et du professionnel.<\/div><div class='skill__wrapper__cta icon-right-arrow'><\/svg><\/div><\/div><\/a><\/div><div class='skill' data-skill data-skill-category='servizi-alle-aziende'><a href='\/fr\/services#valutazione-stress-lavoro'><div class='skill__wrapper'><div class='skill__wrapper__title'><div class='skill__wrapper__title__text' data-title='\u00c9valuation du stress li\u00e9 au travail' data-skill-title>\u00c9valuation du stress li\u00e9 au travail <\/div><\/div><div class='skill__wrapper__name'>\u00c9valuation du stress li\u00e9 au travail<\/div><div class='skill__wrapper__content'>Analyse des facteurs de stress et de l\u2019\u00e9tat de sant\u00e9 psychophysique des employ\u00e9s, ainsi que d\u00e9finition d\u2019actions d\u2019am\u00e9lioration, y compris dans des contextes de changement organisationnel.\r\nServices au public<\/div><div class='skill__wrapper__cta icon-right-arrow'><\/svg><\/div><\/div><\/a><\/div><div class='skill' data-skill data-skill-category='servizi-al-pubblico'><a href='\/fr\/services#assessment-psicologico'><div class='skill__wrapper'><div class='skill__wrapper__title'><div class='skill__wrapper__title__text' data-title='\u00c9valuation psychologique' data-skill-title>\u00c9valuation psychologique <\/div><\/div><div class='skill__wrapper__name'>\u00c9valuation psychologique<\/div><div class='skill__wrapper__content'>\u00c9valuation partag\u00e9e du profil de la personne, au moyen d\u2019entretiens psychologiques et de tests cibl\u00e9s.\r\n\u00c9valuation des comp\u00e9tences transversales :\r\nAutonomie \u2013 Confiance en soi \u2013 Flexibilit\u00e9 \u2013 R\u00e9sistance au stress \u2013 Capacit\u00e9 d\u2019organisation\u2013 Atteinte des objectifs.<\/div><div class='skill__wrapper__cta icon-right-arrow'><\/svg><\/div><\/div><\/a><\/div><div class='skill' data-skill data-skill-category='servizi-al-pubblico' data-skill-hidden=\"1\"><a href='\/fr\/services#valutazioni-mediche'><div class='skill__wrapper'><div class='skill__wrapper__title'><div class='skill__wrapper__title__text' data-title='\u00c9valuations m\u00e9dicales' data-skill-title>\u00c9valuations m\u00e9dicales <\/div><\/div><div class='skill__wrapper__name'>\u00c9valuations m\u00e9dicales<\/div><div class='skill__wrapper__content'>\u00c9valuation des capacit\u00e9s psychophysiques, effectu\u00e9e par des m\u00e9decins sp\u00e9cialistes.<\/div><div class='skill__wrapper__cta icon-right-arrow'><\/svg><\/div><\/div><\/a><\/div><div class='skill' data-skill data-skill-category='servizi-al-pubblico' data-skill-hidden=\"1\"><a href='\/fr\/services#analisi-bilancio-competenze'><div class='skill__wrapper'><div class='skill__wrapper__title'><div class='skill__wrapper__title__text' data-title='Analyse et bilan des comp\u00e9tences' data-skill-title>Analyse et bilan des comp\u00e9tences <\/div><\/div><div class='skill__wrapper__name'>Analyse et bilan des comp\u00e9tences<\/div><div class='skill__wrapper__content'>Bilan des comp\u00e9tences individuelles, avec des professionnels du domaine, afin d\u2019acqu\u00e9rir une bonne connaissance de ses propres capacit\u00e9s professionnelles.<\/div><div class='skill__wrapper__cta icon-right-arrow'><\/svg><\/div><\/div><\/a><\/div><div class='skill' data-skill data-skill-category='servizi-al-pubblico' data-skill-hidden=\"1\"><a href='\/fr\/services#orientamento-professionale'><div class='skill__wrapper'><div class='skill__wrapper__title'><div class='skill__wrapper__title__text' data-title='Orientation professionnelle' data-skill-title>Orientation professionnelle <\/div><\/div><div class='skill__wrapper__name'>Orientation professionnelle<\/div><div class='skill__wrapper__content'>Orientation socioprofessionnelle sous forme de soutien cibl\u00e9 au choix professionnel et \u00e0 la r\u00e9alisation des objectifs fix\u00e9s, en fonction des opportunit\u00e9s du march\u00e9 du travail.<\/div><div class='skill__wrapper__cta icon-right-arrow'><\/svg><\/div><\/div><\/a><\/div><div class='skill' data-skill data-skill-category='servizi-al-pubblico' data-skill-hidden=\"1\"><a href='\/fr\/services#accertamento-professionale'><div class='skill__wrapper'><div class='skill__wrapper__title'><div class='skill__wrapper__title__text' data-title='\u00c9valuation professionnelle' data-skill-title>\u00c9valuation professionnelle <\/div><\/div><div class='skill__wrapper__name'>\u00c9valuation professionnelle<\/div><div class='skill__wrapper__content'>V\u00e9rification des capacit\u00e9s professionnelles effectives de la personne, r\u00e9alis\u00e9e par des consultants experts du secteur concern\u00e9.<\/div><div class='skill__wrapper__cta icon-right-arrow'><\/svg><\/div><\/div><\/a><\/div><div class='skill' data-skill data-skill-category='servizi-al-pubblico' data-skill-hidden=\"1\"><a href='\/fr\/services#laboratori-di-accertamento'><div class='skill__wrapper'><div class='skill__wrapper__title'><div class='skill__wrapper__title__text' data-title='Ateliers d\u2019\u00e9valuation' data-skill-title>Ateliers d\u2019\u00e9valuation <\/div><\/div><div class='skill__wrapper__name'>Ateliers d\u2019\u00e9valuation<\/div><div class='skill__wrapper__content'>Activit\u00e9s d\u2019\u00e9valuation et de v\u00e9rification des comp\u00e9tences, sous la supervision de ma\u00eetres socioprofessionnels, organis\u00e9es dans les ateliers de SIL :\r\nInformatique - \u00c9lectronique - Secr\u00e9tariat - Restauration - Jardinage et m\u00e9canique pour \u00e9quipements agricoles<\/div><div class='skill__wrapper__cta icon-right-arrow'><\/svg><\/div><\/div><\/a><\/div><div class='skill' data-skill data-skill-category='servizi-al-pubblico' data-skill-hidden=\"1\"><a href='\/fr\/services#formazione-sostegno-scolastico'><div class='skill__wrapper'><div class='skill__wrapper__title'><div class='skill__wrapper__title__text' data-title='Formation et soutien scolaire' data-skill-title>Formation et soutien scolaire <\/div><\/div><div class='skill__wrapper__name'>Formation et soutien scolaire<\/div><div class='skill__wrapper__content'>Analyse des comp\u00e9tences de formation, parcours de formation et accompagnement \u00e0 la remise \u00e0 niveau scolaire sous la supervision d\u2019enseignants sp\u00e9cialis\u00e9s.<\/div><div class='skill__wrapper__cta icon-right-arrow'><\/svg><\/div><\/div><\/a><\/div><div class='skill' data-skill data-skill-category='servizi-al-pubblico' data-skill-hidden=\"1\"><a href='\/fr\/services#sostegno-collocamento'><div class='skill__wrapper'><div class='skill__wrapper__title'><div class='skill__wrapper__title__text' data-title='Aide \u00e0 l\u2019insertion professionnelle' data-skill-title>Aide \u00e0 l\u2019insertion professionnelle <\/div><\/div><div class='skill__wrapper__name'>Aide \u00e0 l\u2019insertion professionnelle<\/div><div class='skill__wrapper__content'>Aide \u00e0 l\u2019insertion professionnelle par l\u2019apprentissage des techniques suivantes :\r\nTechniques de recherche d\u2019emploi \u2013 R\u00e9daction d\u2019un curriculum vitae \u2013 R\u00e9daction d\u2019une lettre de candidature \u2013 Gestion d\u2019un entretien d\u2019embauche.\r\nSoutien personnalis\u00e9 \u00e0 la recherche d\u2019emploi.<\/div><div class='skill__wrapper__cta icon-right-arrow'><\/svg><\/div><\/div><\/a><\/div><div class='skill' data-skill data-skill-category='servizi-al-pubblico' data-skill-hidden=\"1\"><a href='\/fr\/services#coaching-personalizzati'><div class='skill__wrapper'><div class='skill__wrapper__title'><div class='skill__wrapper__title__text' data-title='Coaching personnalis\u00e9' data-skill-title>Coaching personnalis\u00e9 <\/div><\/div><div class='skill__wrapper__name'>Coaching personnalis\u00e9<\/div><div class='skill__wrapper__content'>Accompagnement individualis\u00e9 des diff\u00e9rents profils professionnels, en fonction de leur projet de reclassement.<\/div><div class='skill__wrapper__cta icon-right-arrow'><\/svg><\/div><\/div><\/a><\/div><\/div><div class='skills-grid__wrapper__grid hidden-grid-list' data-hidden-grid-list data-skill-grid-carousel><div class='skill' data-skill data-skill-category='servizi-alle-aziende'><a href='\/fr\/services#coaching-in-azienda'><div class='skill__wrapper'><div class='skill__wrapper__title'><div class='skill__wrapper__title__text' data-title='Coaching en entreprise' data-skill-title>Coaching en entreprise <\/div><\/div><div class='skill__wrapper__name'>Coaching en entreprise<\/div><div class='skill__wrapper__content'>V\u00e9rifications directes en entreprise lors de la phase d\u2019\u00e9valuation, gr\u00e2ce \u00e0 la collaboration avec un r\u00e9seau dense d\u2019acteurs locaux.\r\nSoutien continu au travailleur avant, pendant et apr\u00e8s son int\u00e9gration dans l\u2019entreprise, afin de renforcer ses comp\u00e9tences professionnelles.<\/div><div class='skill__wrapper__cta icon-right-arrow'><\/svg><\/div><\/div><\/a><\/div><div class='skill' data-skill data-skill-category='servizi-alle-aziende'><a href='\/fr\/services#corsi-formazione-aziendale'><div class='skill__wrapper'><div class='skill__wrapper__title'><div class='skill__wrapper__title__text' data-title='Cours de formation en entreprise' data-skill-title>Cours de formation en entreprise <\/div><\/div><div class='skill__wrapper__name'>Cours de formation en entreprise<\/div><div class='skill__wrapper__content'>Une partie th\u00e9orique accompagn\u00e9e de simulations et d\u2019exercices en salle.\r\n\r\nTh\u00e8mes abord\u00e9s :\r\nla gestion des \u00e9motions dans le milieu professionnel (notamment la reconnaissance, la gestion et les techniques de d\u00e9sescalade de l\u2019agressivit\u00e9, y compris verbale)\r\nles techniques de n\u00e9gociation\r\nla communication efficace et persuasive\r\nune approche adapt\u00e9e des th\u00e9matiques de la diversit\u00e9, de l\u2019inclusion et de l\u2019\u00e9galit\u00e9.<\/div><div class='skill__wrapper__cta icon-right-arrow'><\/svg><\/div><\/div><\/a><\/div><div class='skill' data-skill data-skill-category='servizi-alle-aziende'><a href='\/fr\/services#recruitment-selezione-personale'><div class='skill__wrapper'><div class='skill__wrapper__title'><div class='skill__wrapper__title__text' data-title='Recrutement et s\u00e9lection du personnel' data-skill-title>Recrutement et s\u00e9lection du personnel <\/div><\/div><div class='skill__wrapper__name'>Recrutement et s\u00e9lection du personnel<\/div><div class='skill__wrapper__content'>Recherche et s\u00e9lection de profils professionnels \u00e0 int\u00e9grer dans l\u2019entreprise, y compris parmi les utilisateurs des services d\u2019int\u00e9gration professionnelle.<\/div><div class='skill__wrapper__cta icon-right-arrow'><\/svg><\/div><\/div><\/a><\/div><div class='skill' data-skill data-skill-category='servizi-alle-aziende'><a href='\/fr\/services#newplacement-aziendale'><div class='skill__wrapper'><div class='skill__wrapper__title'><div class='skill__wrapper__title__text' data-title='Newplacement d\u2019entreprise' data-skill-title>Newplacement d\u2019entreprise <\/div><\/div><div class='skill__wrapper__name'>Newplacement d\u2019entreprise<\/div><div class='skill__wrapper__content'>Red\u00e9ploiement au sein de l\u2019entreprise d\u2019une ressource d\u00e9j\u00e0 pr\u00e9sente, vers un autre secteur ou d\u00e9partement, en fonction des besoins sp\u00e9cifiques de l\u2019entreprise et du professionnel.<\/div><div class='skill__wrapper__cta icon-right-arrow'><\/svg><\/div><\/div><\/a><\/div><div class='skill' data-skill data-skill-category='servizi-alle-aziende'><a href='\/fr\/services#valutazione-stress-lavoro'><div class='skill__wrapper'><div class='skill__wrapper__title'><div class='skill__wrapper__title__text' data-title='\u00c9valuation du stress li\u00e9 au travail' data-skill-title>\u00c9valuation du stress li\u00e9 au travail <\/div><\/div><div class='skill__wrapper__name'>\u00c9valuation du stress li\u00e9 au travail<\/div><div class='skill__wrapper__content'>Analyse des facteurs de stress et de l\u2019\u00e9tat de sant\u00e9 psychophysique des employ\u00e9s, ainsi que d\u00e9finition d\u2019actions d\u2019am\u00e9lioration, y compris dans des contextes de changement organisationnel.\r\nServices au public<\/div><div class='skill__wrapper__cta icon-right-arrow'><\/svg><\/div><\/div><\/a><\/div><div class='skill' data-skill data-skill-category='servizi-al-pubblico'><a href='\/fr\/services#assessment-psicologico'><div class='skill__wrapper'><div class='skill__wrapper__title'><div class='skill__wrapper__title__text' data-title='\u00c9valuation psychologique' data-skill-title>\u00c9valuation psychologique <\/div><\/div><div class='skill__wrapper__name'>\u00c9valuation psychologique<\/div><div class='skill__wrapper__content'>\u00c9valuation partag\u00e9e du profil de la personne, au moyen d\u2019entretiens psychologiques et de tests cibl\u00e9s.\r\n\u00c9valuation des comp\u00e9tences transversales :\r\nAutonomie \u2013 Confiance en soi \u2013 Flexibilit\u00e9 \u2013 R\u00e9sistance au stress \u2013 Capacit\u00e9 d\u2019organisation\u2013 Atteinte des objectifs.<\/div><div class='skill__wrapper__cta icon-right-arrow'><\/svg><\/div><\/div><\/a><\/div><div class='skill' data-skill data-skill-category='servizi-al-pubblico'><a href='\/fr\/services#valutazioni-mediche'><div class='skill__wrapper'><div class='skill__wrapper__title'><div class='skill__wrapper__title__text' data-title='\u00c9valuations m\u00e9dicales' data-skill-title>\u00c9valuations m\u00e9dicales <\/div><\/div><div class='skill__wrapper__name'>\u00c9valuations m\u00e9dicales<\/div><div class='skill__wrapper__content'>\u00c9valuation des capacit\u00e9s psychophysiques, effectu\u00e9e par des m\u00e9decins sp\u00e9cialistes.<\/div><div class='skill__wrapper__cta icon-right-arrow'><\/svg><\/div><\/div><\/a><\/div><div class='skill' data-skill data-skill-category='servizi-al-pubblico'><a href='\/fr\/services#analisi-bilancio-competenze'><div class='skill__wrapper'><div class='skill__wrapper__title'><div class='skill__wrapper__title__text' data-title='Analyse et bilan des comp\u00e9tences' data-skill-title>Analyse et bilan des comp\u00e9tences <\/div><\/div><div class='skill__wrapper__name'>Analyse et bilan des comp\u00e9tences<\/div><div class='skill__wrapper__content'>Bilan des comp\u00e9tences individuelles, avec des professionnels du domaine, afin d\u2019acqu\u00e9rir une bonne connaissance de ses propres capacit\u00e9s professionnelles.<\/div><div class='skill__wrapper__cta icon-right-arrow'><\/svg><\/div><\/div><\/a><\/div><div class='skill' data-skill data-skill-category='servizi-al-pubblico'><a href='\/fr\/services#orientamento-professionale'><div class='skill__wrapper'><div class='skill__wrapper__title'><div class='skill__wrapper__title__text' data-title='Orientation professionnelle' data-skill-title>Orientation professionnelle <\/div><\/div><div class='skill__wrapper__name'>Orientation professionnelle<\/div><div class='skill__wrapper__content'>Orientation socioprofessionnelle sous forme de soutien cibl\u00e9 au choix professionnel et \u00e0 la r\u00e9alisation des objectifs fix\u00e9s, en fonction des opportunit\u00e9s du march\u00e9 du travail.<\/div><div class='skill__wrapper__cta icon-right-arrow'><\/svg><\/div><\/div><\/a><\/div><div class='skill' data-skill data-skill-category='servizi-al-pubblico'><a href='\/fr\/services#accertamento-professionale'><div class='skill__wrapper'><div class='skill__wrapper__title'><div class='skill__wrapper__title__text' data-title='\u00c9valuation professionnelle' data-skill-title>\u00c9valuation professionnelle <\/div><\/div><div class='skill__wrapper__name'>\u00c9valuation professionnelle<\/div><div class='skill__wrapper__content'>V\u00e9rification des capacit\u00e9s professionnelles effectives de la personne, r\u00e9alis\u00e9e par des consultants experts du secteur concern\u00e9.<\/div><div class='skill__wrapper__cta icon-right-arrow'><\/svg><\/div><\/div><\/a><\/div><div class='skill' data-skill data-skill-category='servizi-al-pubblico'><a href='\/fr\/services#laboratori-di-accertamento'><div class='skill__wrapper'><div class='skill__wrapper__title'><div class='skill__wrapper__title__text' data-title='Ateliers d\u2019\u00e9valuation' data-skill-title>Ateliers d\u2019\u00e9valuation <\/div><\/div><div class='skill__wrapper__name'>Ateliers d\u2019\u00e9valuation<\/div><div class='skill__wrapper__content'>Activit\u00e9s d\u2019\u00e9valuation et de v\u00e9rification des comp\u00e9tences, sous la supervision de ma\u00eetres socioprofessionnels, organis\u00e9es dans les ateliers de SIL :\r\nInformatique - \u00c9lectronique - Secr\u00e9tariat - Restauration - Jardinage et m\u00e9canique pour \u00e9quipements agricoles<\/div><div class='skill__wrapper__cta icon-right-arrow'><\/svg><\/div><\/div><\/a><\/div><div class='skill' data-skill data-skill-category='servizi-al-pubblico'><a href='\/fr\/services#formazione-sostegno-scolastico'><div class='skill__wrapper'><div class='skill__wrapper__title'><div class='skill__wrapper__title__text' data-title='Formation et soutien scolaire' data-skill-title>Formation et soutien scolaire <\/div><\/div><div class='skill__wrapper__name'>Formation et soutien scolaire<\/div><div class='skill__wrapper__content'>Analyse des comp\u00e9tences de formation, parcours de formation et accompagnement \u00e0 la remise \u00e0 niveau scolaire sous la supervision d\u2019enseignants sp\u00e9cialis\u00e9s.<\/div><div class='skill__wrapper__cta icon-right-arrow'><\/svg><\/div><\/div><\/a><\/div><div class='skill' data-skill data-skill-category='servizi-al-pubblico'><a href='\/fr\/services#sostegno-collocamento'><div class='skill__wrapper'><div class='skill__wrapper__title'><div class='skill__wrapper__title__text' data-title='Aide \u00e0 l\u2019insertion professionnelle' data-skill-title>Aide \u00e0 l\u2019insertion professionnelle <\/div><\/div><div class='skill__wrapper__name'>Aide \u00e0 l\u2019insertion professionnelle<\/div><div class='skill__wrapper__content'>Aide \u00e0 l\u2019insertion professionnelle par l\u2019apprentissage des techniques suivantes :\r\nTechniques de recherche d\u2019emploi \u2013 R\u00e9daction d\u2019un curriculum vitae \u2013 R\u00e9daction d\u2019une lettre de candidature \u2013 Gestion d\u2019un entretien d\u2019embauche.\r\nSoutien personnalis\u00e9 \u00e0 la recherche d\u2019emploi.<\/div><div class='skill__wrapper__cta icon-right-arrow'><\/svg><\/div><\/div><\/a><\/div><div class='skill' data-skill data-skill-category='servizi-al-pubblico'><a href='\/fr\/services#coaching-personalizzati'><div class='skill__wrapper'><div class='skill__wrapper__title'><div class='skill__wrapper__title__text' data-title='Coaching personnalis\u00e9' data-skill-title>Coaching personnalis\u00e9 <\/div><\/div><div class='skill__wrapper__name'>Coaching personnalis\u00e9<\/div><div class='skill__wrapper__content'>Accompagnement individualis\u00e9 des diff\u00e9rents profils professionnels, en fonction de leur projet de reclassement.<\/div><div class='skill__wrapper__cta icon-right-arrow'><\/svg><\/div><\/div><\/a><\/div><\/div><div class='skills-grid__more' data-skill-grid-more-wrapper><button class='skills-grid__more__button' data-skill-grid-more>Voir toutes les prestations<\/button><\/div><\/div><\/div><\/div><\/div>[\/vc_column][\/vc_row][vc_row disable_element=&#8221;yes&#8221;][vc_column]<div class='basic-container basic-container--bg-white basic-container--text-white  clearfix' data-row><div class='basic-container__content basic-container__content--full-width'><div class='latests-news clearfix '><div class='latests-news__wrapper'><div class='latests-news__wrapper__single-news'><div class='latests-news__wrapper__single-news__image'><picture><source srcset='https:\/\/www.sil.swiss\/wp-content\/themes\/sil\/src\/assets\/img\/news-mobile-bg.png' media='(max-width: 579px)'  alt=''><img src='https:\/\/www.sil.swiss\/wp-content\/uploads\/2022\/02\/1Q5A8681-scaled-e1643963149259.jpg' alt=''><\/picture><\/div><div class='latests-news__wrapper__single-news__content'><div class='latests-news__wrapper__single-news__content__meta'><span class='latests-news__wrapper__single-news__content__meta__category'><\/span><span class='latests-news__wrapper__single-news__content__meta__date'> - f\u00e9vrier 09<\/span><\/div><a href='https:\/\/www.sil.swiss\/fr\/lorem-ipsum-dolor-sit-dal-a-mio-amet-consectetur-tuo-adipiscing-elit-sed-dolor-eiusmod-tempor\/' class='latests-news__wrapper__single-news__content__title'>Lorem ipsum dolor sit dal a mio amet, consectetur tuo adipiscing elit, sed dolor eiusmod tempor.<\/a><a href='https:\/\/www.sil.swiss\/fr\/lorem-ipsum-dolor-sit-dal-a-mio-amet-consectetur-tuo-adipiscing-elit-sed-dolor-eiusmod-tempor\/' class='latests-news__wrapper__single-news__content__cta'>Scopri di pi\u00f9 .<\/a><\/div><\/div><div class='latests-news__wrapper__news-list'><h3 class='latests-news__wrapper__news-list__title'>News &amp; comunicazioni<\/h3><div class='latests-news__wrapper__news-list__group'><div class='news-list clearfix' data-news-carousel><a href='https:\/\/www.sil.swiss\/fr\/lorem-ipsum-dolor-sit-dal-a-mio-amet-consectetur-tuo-adipiscing-elit-sed-dolor-eiusmod-tempor-5\/' class='news-list__element'><div class='news-list__element__head clearfix'><div class='news-list__element__head__date'>janvier 20<\/div><div class='news-list__element__head__category'><\/div><\/div><div class='news-list__element__title'><div class='news-list__element__title__desktop'>Lorem ipsum dolor sit dal a mio amet, consectetur tuo adipiscing elit, sed dolor eiusmod tempor.<\/div><\/div><\/a><a href='https:\/\/www.sil.swiss\/fr\/lorem-ipsum-dolor-sit-dal-a-mio-amet-consectetur-tuo-adipiscing-elit-sed-dolor-eiusmod-tempor-2\/' class='news-list__element'><div class='news-list__element__head clearfix'><div class='news-list__element__head__date'>juillet 15<\/div><div class='news-list__element__head__category'>News<\/div><\/div><div class='news-list__element__title'><div class='news-list__element__title__desktop'>Lorem ipsum dolor sit dal a mio amet, consectetur tuo adipiscing elit, sed dolor eiusmod tempor.<\/div><\/div><\/a><a href='https:\/\/www.sil.swiss\/fr\/lorem-ipsum-dolor-sit-dal-a-mio-amet-consectetur-tuo-adipiscing-elit-sed-dolor-eiusmod-tempor-3\/' class='news-list__element'><div class='news-list__element__head clearfix'><div class='news-list__element__head__date'>juillet 05<\/div><div class='news-list__element__head__category'><\/div><\/div><div class='news-list__element__title'><div class='news-list__element__title__desktop'>Lorem ipsum dolor sit dal a mio amet, consectetur tuo adipiscing elit, sed dolor eiusmod tempor.<\/div><\/div><\/a><a href='https:\/\/www.sil.swiss\/fr\/lorem-ipsum-dolor-sit-dal-a-mio-amet-consectetur-tuo-adipiscing-elit-sed-dolor-eiusmod-tempor-4\/' class='news-list__element'><div class='news-list__element__head clearfix'><div class='news-list__element__head__date'>juin 23<\/div><div class='news-list__element__head__category'>News<\/div><\/div><div class='news-list__element__title'><div class='news-list__element__title__desktop'>Lorem ipsum dolor sit dal a mio amet, consectetur tuo adipiscing elit, sed dolor eiusmod tempor.<\/div><\/div><\/a><\/div><\/div><div class='latests-news__wrapper__news-list__cta'><a href='https:\/\/sil.swiss\/comunicazioni' class='latests-news__wrapper__news-list__cta__link'>Leggi tutto<\/a><\/div><\/div><\/div><\/div><\/div><\/div>[\/vc_column][\/vc_row][vc_row][vc_column]<div class='basic-container basic-container--bg-black basic-container--text-white  clearfix' data-row><div class='basic-container__content basic-container__content--full-width'><div class='cta-band '><div class='cta-band__content clearfix'><div class='cta-band__content__figure'><picture><source srcset='https:\/\/www.sil.swiss\/wp-content\/uploads\/2024\/03\/HOME_Chi-siamo_mobile.jpg' media='(max-width: 767px)'  alt=''><img src='https:\/\/www.sil.swiss\/wp-content\/uploads\/2024\/03\/HOME_Chi-siamo.jpg' alt=''><\/picture><div class='cta-band__content__figure__title'>Qui sommes-nous<\/div><\/div><div class='cta-band__content__wrapper'><div class='cta-band__content__wrapper__description'><div class='cta-band__content__wrapper__description__text'><\/div><div class='cta-band__content__wrapper__description__link'><a href='https:\/\/www.sil.swiss\/fr\/qui-sommes-nous\/'class='cta-band__content__wrapper__description__link__cta' >En savoir plus<\/a><\/div<\/div><\/div><\/div><\/div><\/div><\/div>[\/vc_column][\/vc_row]<\/p>\n","protected":false},"excerpt":{"rendered":"<p>[vc_row][vc_column][\/vc_column][\/vc_row][vc_row][vc_column][\/vc_column][\/vc_row][vc_row disable_element=&#8221;yes&#8221;][vc_column][\/vc_column][\/vc_row][vc_row][vc_column][\/vc_column][\/vc_row]<\/p>\n","protected":false},"author":1,"featured_media":0,"parent":0,"menu_order":0,"comment_status":"closed","ping_status":"closed","template":"page-templates\/home.php","meta":{"_acf_changed":false,"footnotes":""},"class_list":["post-1975","page","type-page","status-publish","hentry"],"acf":[],"yoast_head":"<!-- This site is optimized with the Yoast SEO plugin v27.4 - https:\/\/yoast.com\/product\/yoast-seo-wordpress\/ -->\n<title>Home - SIL<\/title>\n<meta name=\"robots\" content=\"index, follow, max-snippet:-1, max-image-preview:large, max-video-preview:-1\" \/>\n<link rel=\"canonical\" href=\"https:\/\/www.sil.swiss\/fr\/\" \/>\n<meta property=\"og:locale\" content=\"fr_FR\" \/>\n<meta property=\"og:type\" content=\"article\" \/>\n<meta property=\"og:title\" content=\"Home - SIL\" \/>\n<meta property=\"og:description\" content=\"[vc_row][vc_column][\/vc_column][\/vc_row][vc_row][vc_column][\/vc_column][\/vc_row][vc_row disable_element=&#8221;yes&#8221;][vc_column][\/vc_column][\/vc_row][vc_row][vc_column][\/vc_column][\/vc_row]\" \/>\n<meta property=\"og:url\" content=\"https:\/\/www.sil.swiss\/fr\/\" \/>\n<meta property=\"og:site_name\" content=\"SIL\" \/>\n<meta property=\"article:modified_time\" content=\"2025-12-12T14:42:59+00:00\" \/>\n<meta name=\"twitter:card\" content=\"summary_large_image\" \/>\n<meta name=\"twitter:label1\" content=\"Dur\u00e9e de lecture estim\u00e9e\" \/>\n\t<meta name=\"twitter:data1\" content=\"1 minute\" \/>\n<script type=\"application\/ld+json\" class=\"yoast-schema-graph\">{\"@context\":\"https:\\\/\\\/schema.org\",\"@graph\":[{\"@type\":\"WebPage\",\"@id\":\"https:\\\/\\\/www.sil.swiss\\\/fr\\\/\",\"url\":\"https:\\\/\\\/www.sil.swiss\\\/fr\\\/\",\"name\":\"Home - SIL\",\"isPartOf\":{\"@id\":\"https:\\\/\\\/www.sil.swiss\\\/#website\"},\"datePublished\":\"2020-12-01T17:08:58+00:00\",\"dateModified\":\"2025-12-12T14:42:59+00:00\",\"breadcrumb\":{\"@id\":\"https:\\\/\\\/www.sil.swiss\\\/fr\\\/#breadcrumb\"},\"inLanguage\":\"fr-FR\",\"potentialAction\":[{\"@type\":\"ReadAction\",\"target\":[\"https:\\\/\\\/www.sil.swiss\\\/fr\\\/\"]}]},{\"@type\":\"BreadcrumbList\",\"@id\":\"https:\\\/\\\/www.sil.swiss\\\/fr\\\/#breadcrumb\",\"itemListElement\":[{\"@type\":\"ListItem\",\"position\":1,\"name\":\"Home\",\"item\":\"https:\\\/\\\/www.sil.swiss\\\/fr\\\/\"},{\"@type\":\"ListItem\",\"position\":2,\"name\":\"Home\"}]},{\"@type\":\"WebSite\",\"@id\":\"https:\\\/\\\/www.sil.swiss\\\/#website\",\"url\":\"https:\\\/\\\/www.sil.swiss\\\/\",\"name\":\"SIL\",\"description\":\"\",\"potentialAction\":[{\"@type\":\"SearchAction\",\"target\":{\"@type\":\"EntryPoint\",\"urlTemplate\":\"https:\\\/\\\/www.sil.swiss\\\/?s={search_term_string}\"},\"query-input\":{\"@type\":\"PropertyValueSpecification\",\"valueRequired\":true,\"valueName\":\"search_term_string\"}}],\"inLanguage\":\"fr-FR\"}]}<\/script>\n<!-- \/ Yoast SEO plugin. -->","yoast_head_json":{"title":"Home - SIL","robots":{"index":"index","follow":"follow","max-snippet":"max-snippet:-1","max-image-preview":"max-image-preview:large","max-video-preview":"max-video-preview:-1"},"canonical":"https:\/\/www.sil.swiss\/fr\/","og_locale":"fr_FR","og_type":"article","og_title":"Home - SIL","og_description":"[vc_row][vc_column][\/vc_column][\/vc_row][vc_row][vc_column][\/vc_column][\/vc_row][vc_row disable_element=&#8221;yes&#8221;][vc_column][\/vc_column][\/vc_row][vc_row][vc_column][\/vc_column][\/vc_row]","og_url":"https:\/\/www.sil.swiss\/fr\/","og_site_name":"SIL","article_modified_time":"2025-12-12T14:42:59+00:00","twitter_card":"summary_large_image","twitter_misc":{"Dur\u00e9e de lecture estim\u00e9e":"1 minute"},"schema":{"@context":"https:\/\/schema.org","@graph":[{"@type":"WebPage","@id":"https:\/\/www.sil.swiss\/fr\/","url":"https:\/\/www.sil.swiss\/fr\/","name":"Home - SIL","isPartOf":{"@id":"https:\/\/www.sil.swiss\/#website"},"datePublished":"2020-12-01T17:08:58+00:00","dateModified":"2025-12-12T14:42:59+00:00","breadcrumb":{"@id":"https:\/\/www.sil.swiss\/fr\/#breadcrumb"},"inLanguage":"fr-FR","potentialAction":[{"@type":"ReadAction","target":["https:\/\/www.sil.swiss\/fr\/"]}]},{"@type":"BreadcrumbList","@id":"https:\/\/www.sil.swiss\/fr\/#breadcrumb","itemListElement":[{"@type":"ListItem","position":1,"name":"Home","item":"https:\/\/www.sil.swiss\/fr\/"},{"@type":"ListItem","position":2,"name":"Home"}]},{"@type":"WebSite","@id":"https:\/\/www.sil.swiss\/#website","url":"https:\/\/www.sil.swiss\/","name":"SIL","description":"","potentialAction":[{"@type":"SearchAction","target":{"@type":"EntryPoint","urlTemplate":"https:\/\/www.sil.swiss\/?s={search_term_string}"},"query-input":{"@type":"PropertyValueSpecification","valueRequired":true,"valueName":"search_term_string"}}],"inLanguage":"fr-FR"}]}},"_links":{"self":[{"href":"https:\/\/www.sil.swiss\/fr\/wp-json\/wp\/v2\/pages\/1975","targetHints":{"allow":["GET"]}}],"collection":[{"href":"https:\/\/www.sil.swiss\/fr\/wp-json\/wp\/v2\/pages"}],"about":[{"href":"https:\/\/www.sil.swiss\/fr\/wp-json\/wp\/v2\/types\/page"}],"author":[{"embeddable":true,"href":"https:\/\/www.sil.swiss\/fr\/wp-json\/wp\/v2\/users\/1"}],"replies":[{"embeddable":true,"href":"https:\/\/www.sil.swiss\/fr\/wp-json\/wp\/v2\/comments?post=1975"}],"version-history":[{"count":2,"href":"https:\/\/www.sil.swiss\/fr\/wp-json\/wp\/v2\/pages\/1975\/revisions"}],"predecessor-version":[{"id":2101,"href":"https:\/\/www.sil.swiss\/fr\/wp-json\/wp\/v2\/pages\/1975\/revisions\/2101"}],"wp:attachment":[{"href":"https:\/\/www.sil.swiss\/fr\/wp-json\/wp\/v2\/media?parent=1975"}],"curies":[{"name":"wp","href":"https:\/\/api.w.org\/{rel}","templated":true}]}}