{"id":1994,"date":"2021-10-25T16:29:21","date_gmt":"2021-10-25T14:29:21","guid":{"rendered":"https:\/\/www.sil.swiss\/servizi\/"},"modified":"2025-12-22T13:31:56","modified_gmt":"2025-12-22T12:31:56","slug":"dienstleistungen","status":"publish","type":"page","link":"https:\/\/www.sil.swiss\/de\/dienstleistungen\/","title":{"rendered":"Dienstleistungen"},"content":{"rendered":"<p>[vc_row][vc_column]<div class='basic-container basic-container--bg-blue basic-container--text-white  clearfix' data-row><div class='basic-container__content basic-container__content--standard'><div class='introduction clearfix '><h2 class='introduction__title'>Dienstleistungen<\/h2><div class='introduction__text'><p>Mit seinem interdisziplin\u00e4ren Expertennetzwerk bietet SIL ein umfassendes Dienstleistungspaket f\u00fcr die Integration bzw. die soziale und berufliche Wiedereingliederung an.<\/p>\n<p>Der interdisziplin\u00e4re Ansatz erm\u00f6glicht es SIL, seine Leistungen im Rahmen eines Case-Management-Prozesses umzusetzen und zu integrieren, bei dem die Bed\u00fcrfnisse der Person im Mittelpunkt stehen.<br \/>\nDas umfassende SIL-Dienstleistungspaket sorgt daf\u00fcr, dass sich die Person willkommen f\u00fchlt: <strong>aktives Zuh\u00f6ren, teilnahmsvolles Verst\u00e4ndnis, Situationsanalyse, Interventionsstrategien, Bewertung und Feststellung der Kompetenzen, berufliche Orientierung, Ausbildung, Umschulung, Arbeitsintegration.<\/strong><\/p>\n<p>Dank der F\u00e4higkeiten und Erfahrungen, die unsere Experten vor Ort erworben haben, kann SIL auch Dienstleistungen f\u00fcr Personalabteilungen von Unternehmen planen.<\/p>\n<\/div><\/div><\/div><\/div>[\/vc_column][\/vc_row][vc_row][vc_column]<div class='basic-container basic-container--bg-dark-grey basic-container--text-black  clearfix' data-row><div class='basic-container__content basic-container__content--standard'><div class='introduction introduction--no-top-padding-desktop introduction--centered-title clearfix '><h2 class='introduction__title'>Dienstleistungen f\u00fcr Unternehmen<\/h2><div class='introduction__text'><\/div><\/div><\/div><\/div>[\/vc_column][\/vc_row][vc_row el_id=&#8221;coaching-in-azienda&#8221;][vc_column]<div class='basic-container basic-container--bg-white basic-container--text-black  clearfix' data-row><div class='basic-container__content basic-container__content--standard'><div class='introduction introduction--no-top-padding-desktop clearfix '><h2 class='introduction__title'>Internes Coaching<\/h2><div class='introduction__text'><p>Eignungspr\u00fcfungen im Betrieb w\u00e4hrend der Ermittlungsphase dank der Zusammenarbeit mit einem engmaschigen Netz lokaler Unternehmen.<br \/>\nKontinuierliche Unterst\u00fctzung der Arbeitskraft vor, w\u00e4hrend und nach ihrer Eingliederung in den Betrieb zur St\u00e4rkung ihrer beruflichen F\u00e4higkeiten.<\/p>\n<\/div><\/div><\/div><\/div>[\/vc_column][\/vc_row][vc_row el_id=&#8221;corsi-formazione-aziendale&#8221;][vc_column]<div class='basic-container basic-container--bg-grey basic-container--text-black  clearfix' data-row><div class='basic-container__content basic-container__content--standard'><div class='introduction introduction--no-top-padding-desktop clearfix '><h2 class='introduction__title'>Innerbetriebliche Weiterbildung<\/h2><div class='introduction__text'><p>Theoretischer Teil begleitet von Simulationen und \u00dcbungen im Schulungsraum.<\/p>\n<p><strong>Themen:<\/strong><br \/>\n<strong>&#8211;<\/strong> Umgang mit Emotionen im Berufsumfeld (unter anderem Erkennen, Entgegentreten und Techniken zur Bew\u00e4ltigung von Aggressivit\u00e4t, auch nur verbal)<br \/>\n<strong>&#8211;<\/strong> Argumentierungstechniken<br \/>\n<strong>&#8211;<\/strong> Wirksame und \u00fcberzeugende Kommunikation<br \/>\n<strong>&#8211;<\/strong> Korrekter Ansatz gegen\u00fcber Themen der Diversit\u00e4t, Gleichberechtigung und Inklusion<\/p>\n<\/div><\/div><\/div><\/div>[\/vc_column][\/vc_row][vc_row el_id=&#8221;recruitment-selezione-personale&#8221;][vc_column]<div class='basic-container basic-container--bg-white basic-container--text-black  clearfix' data-row><div class='basic-container__content basic-container__content--standard'><div class='introduction introduction--no-top-padding-desktop clearfix '><h2 class='introduction__title'>Personalbeschaffung und -auswahl<\/h2><div class='introduction__text'><p>Ermittlung und Auswahl von Fachpersonen f\u00fcr das Unternehmen, auch innerhalb der Nutzer von Dienstleistungen zur Arbeitsintegration.<\/p>\n<\/div><\/div><\/div><\/div>[\/vc_column][\/vc_row][vc_row el_id=&#8221;newplacement-aziendale&#8221;][vc_column]<div class='basic-container basic-container--bg-grey basic-container--text-black  clearfix' data-row><div class='basic-container__content basic-container__content--standard'><div class='introduction introduction--no-top-padding-desktop clearfix '><h2 class='introduction__title'>Newplacement im Unternehmen<\/h2><div class='introduction__text'><p>Neuausrichtung einer Ressource, die bereits in einem anderen Sektor oder in einer anderen Abteilung des Unternehmens besch\u00e4ftigt ist, basierend auf den spezifischen Anforderungen des Unternehmens\/der Arbeitskraft.<\/p>\n<\/div><\/div><\/div><\/div>[\/vc_column][\/vc_row][vc_row el_id=&#8221;valutazione-stress-lavoro&#8221;][vc_column]<div class='basic-container basic-container--bg-white basic-container--text-black  clearfix' data-row><div class='basic-container__content basic-container__content--standard'><div class='introduction introduction--no-top-padding-desktop clearfix '><h2 class='introduction__title'>Bewertung arbeitsbedingter Belastungen<\/h2><div class='introduction__text'><p>Bewertung von Stressfaktoren sowie der k\u00f6rperlichen und geistigen Gesundheit der Belegschaft. Festlegung von Optimierungsmassnahmen, auch innerhalb des organisatorischen Umfeldes<br \/>\nDienstleistungen f\u00fcr die \u00d6ffentlichkeit<\/p>\n<\/div><\/div><\/div><\/div>[\/vc_column][\/vc_row][vc_row][vc_column]<div class='basic-container basic-container--bg-dark-grey basic-container--text-black  clearfix' data-row><div class='basic-container__content basic-container__content--standard'><div class='introduction introduction--no-top-padding-desktop introduction--centered-title clearfix '><h2 class='introduction__title'>Dienstleistungen f\u00fcr die \u00d6ffentlichkeit<\/h2><div class='introduction__text'><\/div><\/div><\/div><\/div>[\/vc_column][\/vc_row][vc_row el_id=&#8221;assessment-psicologico&#8221;][vc_column]<div class='basic-container basic-container--bg-white basic-container--text-black  clearfix' data-row><div class='basic-container__content basic-container__content--standard'><div class='introduction introduction--no-top-padding-desktop clearfix '><h2 class='introduction__title'>Psychologische Bewertung<\/h2><div class='introduction__text'><p>Gemeinsame Profilbewertung des Profils der Person anhand von Gespr\u00e4chen mit Psychologen und gezielten Tests.<br \/>\nKompetenz\u00fcbergreifende Bewertung:<br \/>\n<strong>Autonomie \u2013 Selbstvertrauen \u2013 Flexibilit\u00e4t \u2013 Belastbarkeit \u2013 Organisationsf\u00e4higkeit \u2013 Verwirklichung von Zielen.<\/strong><\/p>\n<\/div><\/div><\/div><\/div>[\/vc_column][\/vc_row][vc_row el_id=&#8221;valutazioni-mediche&#8221;][vc_column]<div class='basic-container basic-container--bg-grey basic-container--text-black  clearfix' data-row><div class='basic-container__content basic-container__content--standard'><div class='introduction introduction--no-top-padding-desktop clearfix '><h2 class='introduction__title'>\u00c4rztliche Beurteilungen<\/h2><div class='introduction__text'><p>Beurteilung der k\u00f6rperlichen und geistigen F\u00e4higkeiten durch Fach\u00e4rzte.<\/p>\n<\/div><\/div><\/div><\/div>[\/vc_column][\/vc_row][vc_row el_id=&#8221;analisi-bilancio-competenze&#8221;][vc_column]<div class='basic-container basic-container--bg-white basic-container--text-black  clearfix' data-row><div class='basic-container__content basic-container__content--standard'><div class='introduction introduction--no-top-padding-desktop clearfix '><h2 class='introduction__title'>Analyse und Sondierung vorhandener Kompetenzen<\/h2><div class='introduction__text'><p>Sondierung individueller Kompetenzen mit Experten des Sektors, damit sich die Person \u00fcber ihre beruflichen F\u00e4higkeiten bewusst wird.<\/p>\n<\/div><\/div><\/div><\/div>[\/vc_column][\/vc_row][vc_row el_id=&#8221;orientamento-professionale&#8221;][vc_column]<div class='basic-container basic-container--bg-grey basic-container--text-black  clearfix' data-row><div class='basic-container__content basic-container__content--standard'><div class='introduction introduction--no-top-padding-desktop clearfix '><h2 class='introduction__title'>Berufliche Orientierung<\/h2><div class='introduction__text'><p>Soziale und berufliche Orientierung, unter anderem gezielte Unterst\u00fctzung bei der Berufswahl und Verwirklichung der geplanten Ziele, die den Arbeitsmarktchancen entsprechen.<\/p>\n<\/div><\/div><\/div><\/div>[\/vc_column][\/vc_row][vc_row el_id=&#8221;accertamento-professionale&#8221;][vc_column]<div class='basic-container basic-container--bg-white basic-container--text-black  clearfix' data-row><div class='basic-container__content basic-container__content--standard'><div class='introduction introduction--no-top-padding-desktop clearfix '><h2 class='introduction__title'>Berufliche Beurteilung<\/h2><div class='introduction__text'><p>Pr\u00fcfung der tats\u00e4chlichen Arbeitskapazit\u00e4t der Person durch Berater, die Fachpersonen im jeweiligen Berufsfeld sind.<\/p>\n<\/div><\/div><\/div><\/div>[\/vc_column][\/vc_row][vc_row el_id=&#8221;laboratori-di-accertamento&#8221;][vc_column]<div class='basic-container basic-container--bg-grey basic-container--text-black  clearfix' data-row><div class='basic-container__content basic-container__content--standard'><div class='introduction introduction--no-top-padding-desktop clearfix '><h2 class='introduction__title'>Pr\u00fcfr\u00e4ume<\/h2><div class='introduction__text'><p>Bewertung und Pr\u00fcfung der Kompetenzen unter der Aufsicht von Arbeitsagogen, durchgef\u00fchrt in unseren Werkst\u00e4tten f\u00fcr:<br \/>\n<strong>Informatik \u2013 Elektronik \u2013 Sekretariat \u2013 Restaurierung \u2013 Gastronomie \u2013 Gartenbau und Mechanik f\u00fcr landwirtschaftliche Ger\u00e4te<\/strong><\/p>\n<\/div><\/div><\/div><\/div>[\/vc_column][\/vc_row][vc_row el_id=&#8221;formazione-sostegno-scolastico&#8221;][vc_column]<div class='basic-container basic-container--bg-white basic-container--text-black  clearfix' data-row><div class='basic-container__content basic-container__content--standard'><div class='introduction introduction--no-top-padding-desktop clearfix '><h2 class='introduction__title'>Bildung und schulische Unterst\u00fctzung<\/h2><div class='introduction__text'><p>Analyse der Bildungskompetenzen, Bildungswege und schulische Nachhilfe unter Aufsicht von spezialisierten Lehrkr\u00e4ften.<\/p>\n<\/div><\/div><\/div><\/div>[\/vc_column][\/vc_row][vc_row el_id=&#8221;sostegno-collocamento&#8221;][vc_column]<div class='basic-container basic-container--bg-grey basic-container--text-black  clearfix' data-row><div class='basic-container__content basic-container__content--standard'><div class='introduction introduction--no-top-padding-desktop clearfix '><h2 class='introduction__title'>Unterst\u00fctzung bei der Arbeitsvermittlung<\/h2><div class='introduction__text'><p>Unterst\u00fctzung bei der Arbeitsvermittlung durch das Erlernen folgender F\u00e4higkeiten:<br \/>\n<strong>Techniken bei der Stellensuche \u2013 Erarbeitung des Lebenslaufs \u2013 Erstellung eines Bewerbungsschreibens \u2013 Vorbereitung auf Bewerbungsgespr\u00e4che.<\/strong><br \/>\nPersonalisierte Unterst\u00fctzung bei der Arbeitssuche.<\/p>\n<\/div><\/div><\/div><\/div>[\/vc_column][\/vc_row][vc_row el_id=&#8221;coaching-personalizzati&#8221;][vc_column]<div class='basic-container basic-container--bg-white basic-container--text-black  clearfix' data-row><div class='basic-container__content basic-container__content--standard'><div class='introduction introduction--no-top-padding-desktop clearfix '><h2 class='introduction__title'>Personalisiertes Coaching<\/h2><div class='introduction__text'><p>Individuelle Begleitung der verschiedenen Berufsprofile je nach spezifischer Wiedereingliederung.<\/p>\n<\/div><\/div><\/div><\/div>[\/vc_column][\/vc_row][vc_row disable_element=&#8221;yes&#8221;][vc_column]<div class='basic-container basic-container--bg-grey basic-container--text-black  clearfix' data-row><div class='basic-container__content basic-container__content--full-width'><div class='skills-grid clearfix ' data-skills-grid-end><div class='skills-grid__content clearfix'><h2 class='skills-grid__content__title'>Servizi<\/h2><div class='skills-grid__content__text'><p>Grazie alla sua rete di esperti, che lavorano in un\u2019ottica interdisciplinare, SIL attiva e integra le proprie prestazioni secondo il processo di <a href=\"https:\/\/www.sil.swiss\/de\/konzept\/#case-management\">case management<\/a>, ponendo i bisogni della persona al centro del servizio.<br \/>\nSIL offre una vasta rete di servizi per\u00a0l\u2019accoglienza della persona;\u00a0<strong>l\u2019ascolto attivo,\u00a0la comprensione partecipata,\u00a0l\u2019analisi della situazione,\u00a0le strategie d\u2019intervento,\u00a0il bilancio e l\u2019accertamento delle competenze,\u00a0l\u2019orientamento professionale,\u00a0la formazione,\u00a0la riqualificazione,\u00a0l\u2019integrazione lavorativa.<\/strong><\/p>\n<p><strong>Grazie alla competenza e all\u2019esperienza sul terreno acquisite dai suoi professionisti, SIL pianifica servizi anche per le Risorse Umane Aziendali.<\/strong><\/p>\n<\/div><div class='skills-grid__content__nav' data-skills-nav><div class='skills-nav-mov' data-skills-nav-mov><div class='skills-grid__content__nav__wrapper'><div class='skills-grid__content__nav__wrapper__btn active hide-the-button' data-skills-nav-el='tutti'>Vedi tutti<\/div><div class='skills-grid__content__nav__wrapper__btn' data-skills-nav-el='servizi-alle-aziende'>Dienstleistungen f\u00fcr Unternehmen<\/div><div class='skills-grid__content__nav__wrapper__btn' data-skills-nav-el='servizi-al-pubblico'>Dienstleistungen f\u00fcr die \u00d6ffentlichkeit<\/div><\/div><\/div><\/div><\/div><div class='skills-grid__wrapper'><div class='skills-grid__wrapper__grid' data-skill-grid-carousel><div class='skill' data-skill data-skill-category='servizi-alle-aziende'><a href='\/de\/dienstleistungen#coaching-in-azienda'><div class='skill__wrapper'><div class='skill__wrapper__title'><div class='skill__wrapper__title__text' data-title='Internes Coaching' data-skill-title>Internes Coaching <\/div><\/div><div class='skill__wrapper__name'>Internes Coaching<\/div><div class='skill__wrapper__content'>Direkte \u00dcberpr\u00fcfungen im Betrieb w\u00e4hrend der Ermittlungsphase dank der Zusammenarbeit mit einem engmaschigen Netz lokaler Unternehmen.\r\nKontinuierliche Unterst\u00fctzung der Arbeitskraft vor, w\u00e4hrend und nach ihrer Eingliederung in den Betrieb zur St\u00e4rkung ihrer beruflichen F\u00e4higkeiten.\r\n<\/div><div class='skill__wrapper__cta icon-right-arrow'><\/svg><\/div><\/div><\/a><\/div><div class='skill' data-skill data-skill-category='servizi-alle-aziende'><a href='\/de\/dienstleistungen#corsi-formazione-aziendale'><div class='skill__wrapper'><div class='skill__wrapper__title'><div class='skill__wrapper__title__text' data-title='Innerbetriebliche Weiterbildung' data-skill-title>Innerbetriebliche Weiterbildung <\/div><\/div><div class='skill__wrapper__name'>Innerbetriebliche Weiterbildung<\/div><div class='skill__wrapper__content'>Theoretischer Teil begleitet von Simulationen und \u00dcbungen im Schulungsraum.\r\n\r\nThemen:\r\nUmgang mit Emotionen im Berufsumfeld (unter anderem Erkennen, Entgegentreten und Techniken zur Bew\u00e4ltigung von Aggressivit\u00e4t, auch nur verbal)\r\nArgumentierungstechniken\r\nWirksame und \u00fcberzeugende Kommunikation\r\nKorrekter Ansatz gegen\u00fcber Themen der Diversit\u00e4t, Gleichberechtigung und Inklusion<\/div><div class='skill__wrapper__cta icon-right-arrow'><\/svg><\/div><\/div><\/a><\/div><div class='skill' data-skill data-skill-category='servizi-alle-aziende'><a href='\/de\/dienstleistungen#recruitment-selezione-personale'><div class='skill__wrapper'><div class='skill__wrapper__title'><div class='skill__wrapper__title__text' data-title='Personalbeschaffung und -auswahl' data-skill-title>Personalbeschaffung und -auswahl <\/div><\/div><div class='skill__wrapper__name'>Personalbeschaffung und -auswahl<\/div><div class='skill__wrapper__content'>Ermittlung und Auswahl von Fachpersonen f\u00fcr das Unternehmen, auch innerhalb der Nutzer von Dienstleistungen zur Arbeitsintegration.<\/div><div class='skill__wrapper__cta icon-right-arrow'><\/svg><\/div><\/div><\/a><\/div><div class='skill' data-skill data-skill-category='servizi-alle-aziende'><a href='\/de\/dienstleistungen#newplacement-aziendale'><div class='skill__wrapper'><div class='skill__wrapper__title'><div class='skill__wrapper__title__text' data-title='Newplacement im Unternehmen' data-skill-title>Newplacement im Unternehmen <\/div><\/div><div class='skill__wrapper__name'>Newplacement im Unternehmen<\/div><div class='skill__wrapper__content'>Neuausrichtung einer Ressource, die bereits in einem anderen Sektor oder in einer anderen Abteilung des Unternehmens besch\u00e4ftigt ist, basierend auf den spezifischen Anforderungen des Unternehmens\/der Arbeitskraft. <\/div><div class='skill__wrapper__cta icon-right-arrow'><\/svg><\/div><\/div><\/a><\/div><div class='skill' data-skill data-skill-category='servizi-alle-aziende'><a href='\/de\/dienstleistungen#valutazione-stress-lavoro'><div class='skill__wrapper'><div class='skill__wrapper__title'><div class='skill__wrapper__title__text' data-title='Bewertung arbeitsbedingter Belastungen' data-skill-title>Bewertung arbeitsbedingter Belastungen <\/div><\/div><div class='skill__wrapper__name'>Bewertung arbeitsbedingter Belastungen<\/div><div class='skill__wrapper__content'>Bewertung von Stressfaktoren sowie der k\u00f6rperlichen und geistigen Gesundheit der Belegschaft. Festlegung von Optimierungsmassnahmen, auch innerhalb organisatorischer Kontexte.\r\nDienstleistungen f\u00fcr die \u00d6ffentlichkeit<\/div><div class='skill__wrapper__cta icon-right-arrow'><\/svg><\/div><\/div><\/a><\/div><div class='skill' data-skill data-skill-category='servizi-al-pubblico'><a href='\/de\/dienstleistungen#assessment-psicologico'><div class='skill__wrapper'><div class='skill__wrapper__title'><div class='skill__wrapper__title__text' data-title='Psychologische Bewertung' data-skill-title>Psychologische Bewertung <\/div><\/div><div class='skill__wrapper__name'>Psychologische Bewertung<\/div><div class='skill__wrapper__content'>Gemeinsame Bewertung des Profils der Person anhand von Gespr\u00e4chen mit Psychologen und gezielten Tests.\r\nKompetenz\u00fcbergreifende Bewertung:\r\nAutonomie \u2013 Selbstvertrauen \u2013 Flexibilit\u00e4t \u2013 Belastbarkeit \u2013 Organisationsf\u00e4higkeit \u2013 Verwirklichung von Zielen.<\/div><div class='skill__wrapper__cta icon-right-arrow'><\/svg><\/div><\/div><\/a><\/div><div class='skill' data-skill data-skill-category='servizi-al-pubblico'><a href='\/de\/dienstleistungen#valutazioni-mediche'><div class='skill__wrapper'><div class='skill__wrapper__title'><div class='skill__wrapper__title__text' data-title='\u00c4rztliche Beurteilungen' data-skill-title>\u00c4rztliche Beurteilungen <\/div><\/div><div class='skill__wrapper__name'>\u00c4rztliche Beurteilungen<\/div><div class='skill__wrapper__content'>Beurteilung der k\u00f6rperlichen und geistigen F\u00e4higkeiten durch Fach\u00e4rzte.<\/div><div class='skill__wrapper__cta icon-right-arrow'><\/svg><\/div><\/div><\/a><\/div><div class='skill' data-skill data-skill-category='servizi-al-pubblico'><a href='\/de\/dienstleistungen#analisi-bilancio-competenze'><div class='skill__wrapper'><div class='skill__wrapper__title'><div class='skill__wrapper__title__text' data-title='Analyse und Sondierung vorhandener Kompetenzen' data-skill-title>Analyse und Sondierung vorhandener Kompetenzen <\/div><\/div><div class='skill__wrapper__name'>Analyse und Sondierung vorhandener Kompetenzen<\/div><div class='skill__wrapper__content'>Sondierung individueller Kompetenzen mit Experten des Sektors, damit sich die Person \u00fcber ihre beruflichen F\u00e4higkeiten bewusst wird.<\/div><div class='skill__wrapper__cta icon-right-arrow'><\/svg><\/div><\/div><\/a><\/div><div class='skill' data-skill data-skill-category='servizi-al-pubblico'><a href='\/de\/dienstleistungen#orientamento-professionale'><div class='skill__wrapper'><div class='skill__wrapper__title'><div class='skill__wrapper__title__text' data-title='Berufliche Orientierung' data-skill-title>Berufliche Orientierung <\/div><\/div><div class='skill__wrapper__name'>Berufliche Orientierung<\/div><div class='skill__wrapper__content'>Soziale und berufliche Orientierung, unter anderem gezielte Unterst\u00fctzung bei der Berufswahl und Verwirklichung der geplanten Ziele, die den Arbeitsmarktchancen entsprechen.<\/div><div class='skill__wrapper__cta icon-right-arrow'><\/svg><\/div><\/div><\/a><\/div><div class='skill' data-skill data-skill-category='servizi-al-pubblico'><a href='\/de\/dienstleistungen#accertamento-professionale'><div class='skill__wrapper'><div class='skill__wrapper__title'><div class='skill__wrapper__title__text' data-title='Berufliche Beurteilung' data-skill-title>Berufliche Beurteilung <\/div><\/div><div class='skill__wrapper__name'>Berufliche Beurteilung<\/div><div class='skill__wrapper__content'>Pr\u00fcfung der tats\u00e4chlichen Arbeitskapazit\u00e4t der Person durch Berater, die Fachpersonen im jeweiligen Berufsfeld sind.<\/div><div class='skill__wrapper__cta icon-right-arrow'><\/svg><\/div><\/div><\/a><\/div><div class='skill' data-skill data-skill-category='servizi-al-pubblico'><a href='\/de\/dienstleistungen#laboratori-di-accertamento'><div class='skill__wrapper'><div class='skill__wrapper__title'><div class='skill__wrapper__title__text' data-title='Pr\u00fcfr\u00e4ume' data-skill-title>Pr\u00fcfr\u00e4ume <\/div><\/div><div class='skill__wrapper__name'>Pr\u00fcfr\u00e4ume<\/div><div class='skill__wrapper__content'>Bewertung und Pr\u00fcfung der Kompetenzen unter der Aufsicht von Arbeitsagogen, durchgef\u00fchrt in unseren Werkst\u00e4tten f\u00fcr:\r\nInformatik \u2013 Elektronik \u2013 Sekretariat \u2013 Restaurierung \u2013 Gastronomie \u2013 Gartenbau und Mechanik f\u00fcr landwirtschaftliche Ger\u00e4te<\/div><div class='skill__wrapper__cta icon-right-arrow'><\/svg><\/div><\/div><\/a><\/div><div class='skill' data-skill data-skill-category='servizi-al-pubblico'><a href='\/de\/dienstleistungen#formazione-sostegno-scolastico'><div class='skill__wrapper'><div class='skill__wrapper__title'><div class='skill__wrapper__title__text' data-title='Bildung und schulische Unterst\u00fctzung' data-skill-title>Bildung und schulische Unterst\u00fctzung <\/div><\/div><div class='skill__wrapper__name'>Bildung und schulische Unterst\u00fctzung<\/div><div class='skill__wrapper__content'>Analyse der Bildungskompetenzen, Bildungswege und schulische Nachhilfe unter Aufsicht von spezialisierten Lehrkr\u00e4ften.<\/div><div class='skill__wrapper__cta icon-right-arrow'><\/svg><\/div><\/div><\/a><\/div><div class='skill' data-skill data-skill-category='servizi-al-pubblico'><a href='\/de\/dienstleistungen#sostegno-collocamento'><div class='skill__wrapper'><div class='skill__wrapper__title'><div class='skill__wrapper__title__text' data-title='Unterst\u00fctzung bei der Arbeitsvermittlung' data-skill-title>Unterst\u00fctzung bei der Arbeitsvermittlung <\/div><\/div><div class='skill__wrapper__name'>Unterst\u00fctzung bei der Arbeitsvermittlung<\/div><div class='skill__wrapper__content'>Unterst\u00fctzung bei der Arbeitsvermittlung durch das Erlernen folgender F\u00e4higkeiten:\r\nTechniken bei der Stellensuche \u2013 Erarbeitung des Lebenslaufs \u2013 Erstellung eines Bewerbungsschreibens \u2013 Vorbereitung auf Bewerbungsgespr\u00e4che.\r\n\r\nPersonalisierte Unterst\u00fctzung bei der Arbeitssuche.\r\n<\/div><div class='skill__wrapper__cta icon-right-arrow'><\/svg><\/div><\/div><\/a><\/div><div class='skill' data-skill data-skill-category='servizi-al-pubblico'><a href='\/de\/dienstleistungen#coaching-personalizzati'><div class='skill__wrapper'><div class='skill__wrapper__title'><div class='skill__wrapper__title__text' data-title='Personalisiertes Coaching' data-skill-title>Personalisiertes Coaching <\/div><\/div><div class='skill__wrapper__name'>Personalisiertes Coaching<\/div><div class='skill__wrapper__content'>Individuelle Begleitung der verschiedenen Berufsprofile je nach spezifischer Wiedereingliederung. <\/div><div class='skill__wrapper__cta icon-right-arrow'><\/svg><\/div><\/div><\/a><\/div><\/div><div class='skills-grid__wrapper__grid hidden-grid-list' data-hidden-grid-list data-skill-grid-carousel><div class='skill' data-skill data-skill-category='servizi-alle-aziende'><a href='\/de\/dienstleistungen#coaching-in-azienda'><div class='skill__wrapper'><div class='skill__wrapper__title'><div class='skill__wrapper__title__text' data-title='Internes Coaching' data-skill-title>Internes Coaching <\/div><\/div><div class='skill__wrapper__name'>Internes Coaching<\/div><div class='skill__wrapper__content'>Direkte \u00dcberpr\u00fcfungen im Betrieb w\u00e4hrend der Ermittlungsphase dank der Zusammenarbeit mit einem engmaschigen Netz lokaler Unternehmen.\r\nKontinuierliche Unterst\u00fctzung der Arbeitskraft vor, w\u00e4hrend und nach ihrer Eingliederung in den Betrieb zur St\u00e4rkung ihrer beruflichen F\u00e4higkeiten.\r\n<\/div><div class='skill__wrapper__cta icon-right-arrow'><\/svg><\/div><\/div><\/a><\/div><div class='skill' data-skill data-skill-category='servizi-alle-aziende'><a href='\/de\/dienstleistungen#corsi-formazione-aziendale'><div class='skill__wrapper'><div class='skill__wrapper__title'><div class='skill__wrapper__title__text' data-title='Innerbetriebliche Weiterbildung' data-skill-title>Innerbetriebliche Weiterbildung <\/div><\/div><div class='skill__wrapper__name'>Innerbetriebliche Weiterbildung<\/div><div class='skill__wrapper__content'>Theoretischer Teil begleitet von Simulationen und \u00dcbungen im Schulungsraum.\r\n\r\nThemen:\r\nUmgang mit Emotionen im Berufsumfeld (unter anderem Erkennen, Entgegentreten und Techniken zur Bew\u00e4ltigung von Aggressivit\u00e4t, auch nur verbal)\r\nArgumentierungstechniken\r\nWirksame und \u00fcberzeugende Kommunikation\r\nKorrekter Ansatz gegen\u00fcber Themen der Diversit\u00e4t, Gleichberechtigung und Inklusion<\/div><div class='skill__wrapper__cta icon-right-arrow'><\/svg><\/div><\/div><\/a><\/div><div class='skill' data-skill data-skill-category='servizi-alle-aziende'><a href='\/de\/dienstleistungen#recruitment-selezione-personale'><div class='skill__wrapper'><div class='skill__wrapper__title'><div class='skill__wrapper__title__text' data-title='Personalbeschaffung und -auswahl' data-skill-title>Personalbeschaffung und -auswahl <\/div><\/div><div class='skill__wrapper__name'>Personalbeschaffung und -auswahl<\/div><div class='skill__wrapper__content'>Ermittlung und Auswahl von Fachpersonen f\u00fcr das Unternehmen, auch innerhalb der Nutzer von Dienstleistungen zur Arbeitsintegration.<\/div><div class='skill__wrapper__cta icon-right-arrow'><\/svg><\/div><\/div><\/a><\/div><div class='skill' data-skill data-skill-category='servizi-alle-aziende'><a href='\/de\/dienstleistungen#newplacement-aziendale'><div class='skill__wrapper'><div class='skill__wrapper__title'><div class='skill__wrapper__title__text' data-title='Newplacement im Unternehmen' data-skill-title>Newplacement im Unternehmen <\/div><\/div><div class='skill__wrapper__name'>Newplacement im Unternehmen<\/div><div class='skill__wrapper__content'>Neuausrichtung einer Ressource, die bereits in einem anderen Sektor oder in einer anderen Abteilung des Unternehmens besch\u00e4ftigt ist, basierend auf den spezifischen Anforderungen des Unternehmens\/der Arbeitskraft. <\/div><div class='skill__wrapper__cta icon-right-arrow'><\/svg><\/div><\/div><\/a><\/div><div class='skill' data-skill data-skill-category='servizi-alle-aziende'><a href='\/de\/dienstleistungen#valutazione-stress-lavoro'><div class='skill__wrapper'><div class='skill__wrapper__title'><div class='skill__wrapper__title__text' data-title='Bewertung arbeitsbedingter Belastungen' data-skill-title>Bewertung arbeitsbedingter Belastungen <\/div><\/div><div class='skill__wrapper__name'>Bewertung arbeitsbedingter Belastungen<\/div><div class='skill__wrapper__content'>Bewertung von Stressfaktoren sowie der k\u00f6rperlichen und geistigen Gesundheit der Belegschaft. Festlegung von Optimierungsmassnahmen, auch innerhalb organisatorischer Kontexte.\r\nDienstleistungen f\u00fcr die \u00d6ffentlichkeit<\/div><div class='skill__wrapper__cta icon-right-arrow'><\/svg><\/div><\/div><\/a><\/div><div class='skill' data-skill data-skill-category='servizi-al-pubblico'><a href='\/de\/dienstleistungen#assessment-psicologico'><div class='skill__wrapper'><div class='skill__wrapper__title'><div class='skill__wrapper__title__text' data-title='Psychologische Bewertung' data-skill-title>Psychologische Bewertung <\/div><\/div><div class='skill__wrapper__name'>Psychologische Bewertung<\/div><div class='skill__wrapper__content'>Gemeinsame Bewertung des Profils der Person anhand von Gespr\u00e4chen mit Psychologen und gezielten Tests.\r\nKompetenz\u00fcbergreifende Bewertung:\r\nAutonomie \u2013 Selbstvertrauen \u2013 Flexibilit\u00e4t \u2013 Belastbarkeit \u2013 Organisationsf\u00e4higkeit \u2013 Verwirklichung von Zielen.<\/div><div class='skill__wrapper__cta icon-right-arrow'><\/svg><\/div><\/div><\/a><\/div><div class='skill' data-skill data-skill-category='servizi-al-pubblico'><a href='\/de\/dienstleistungen#valutazioni-mediche'><div class='skill__wrapper'><div class='skill__wrapper__title'><div class='skill__wrapper__title__text' data-title='\u00c4rztliche Beurteilungen' data-skill-title>\u00c4rztliche Beurteilungen <\/div><\/div><div class='skill__wrapper__name'>\u00c4rztliche Beurteilungen<\/div><div class='skill__wrapper__content'>Beurteilung der k\u00f6rperlichen und geistigen F\u00e4higkeiten durch Fach\u00e4rzte.<\/div><div class='skill__wrapper__cta icon-right-arrow'><\/svg><\/div><\/div><\/a><\/div><div class='skill' data-skill data-skill-category='servizi-al-pubblico'><a href='\/de\/dienstleistungen#analisi-bilancio-competenze'><div class='skill__wrapper'><div class='skill__wrapper__title'><div class='skill__wrapper__title__text' data-title='Analyse und Sondierung vorhandener Kompetenzen' data-skill-title>Analyse und Sondierung vorhandener Kompetenzen <\/div><\/div><div class='skill__wrapper__name'>Analyse und Sondierung vorhandener Kompetenzen<\/div><div class='skill__wrapper__content'>Sondierung individueller Kompetenzen mit Experten des Sektors, damit sich die Person \u00fcber ihre beruflichen F\u00e4higkeiten bewusst wird.<\/div><div class='skill__wrapper__cta icon-right-arrow'><\/svg><\/div><\/div><\/a><\/div><div class='skill' data-skill data-skill-category='servizi-al-pubblico'><a href='\/de\/dienstleistungen#orientamento-professionale'><div class='skill__wrapper'><div class='skill__wrapper__title'><div class='skill__wrapper__title__text' data-title='Berufliche Orientierung' data-skill-title>Berufliche Orientierung <\/div><\/div><div class='skill__wrapper__name'>Berufliche Orientierung<\/div><div class='skill__wrapper__content'>Soziale und berufliche Orientierung, unter anderem gezielte Unterst\u00fctzung bei der Berufswahl und Verwirklichung der geplanten Ziele, die den Arbeitsmarktchancen entsprechen.<\/div><div class='skill__wrapper__cta icon-right-arrow'><\/svg><\/div><\/div><\/a><\/div><div class='skill' data-skill data-skill-category='servizi-al-pubblico'><a href='\/de\/dienstleistungen#accertamento-professionale'><div class='skill__wrapper'><div class='skill__wrapper__title'><div class='skill__wrapper__title__text' data-title='Berufliche Beurteilung' data-skill-title>Berufliche Beurteilung <\/div><\/div><div class='skill__wrapper__name'>Berufliche Beurteilung<\/div><div class='skill__wrapper__content'>Pr\u00fcfung der tats\u00e4chlichen Arbeitskapazit\u00e4t der Person durch Berater, die Fachpersonen im jeweiligen Berufsfeld sind.<\/div><div class='skill__wrapper__cta icon-right-arrow'><\/svg><\/div><\/div><\/a><\/div><div class='skill' data-skill data-skill-category='servizi-al-pubblico'><a href='\/de\/dienstleistungen#laboratori-di-accertamento'><div class='skill__wrapper'><div class='skill__wrapper__title'><div class='skill__wrapper__title__text' data-title='Pr\u00fcfr\u00e4ume' data-skill-title>Pr\u00fcfr\u00e4ume <\/div><\/div><div class='skill__wrapper__name'>Pr\u00fcfr\u00e4ume<\/div><div class='skill__wrapper__content'>Bewertung und Pr\u00fcfung der Kompetenzen unter der Aufsicht von Arbeitsagogen, durchgef\u00fchrt in unseren Werkst\u00e4tten f\u00fcr:\r\nInformatik \u2013 Elektronik \u2013 Sekretariat \u2013 Restaurierung \u2013 Gastronomie \u2013 Gartenbau und Mechanik f\u00fcr landwirtschaftliche Ger\u00e4te<\/div><div class='skill__wrapper__cta icon-right-arrow'><\/svg><\/div><\/div><\/a><\/div><div class='skill' data-skill data-skill-category='servizi-al-pubblico'><a href='\/de\/dienstleistungen#formazione-sostegno-scolastico'><div class='skill__wrapper'><div class='skill__wrapper__title'><div class='skill__wrapper__title__text' data-title='Bildung und schulische Unterst\u00fctzung' data-skill-title>Bildung und schulische Unterst\u00fctzung <\/div><\/div><div class='skill__wrapper__name'>Bildung und schulische Unterst\u00fctzung<\/div><div class='skill__wrapper__content'>Analyse der Bildungskompetenzen, Bildungswege und schulische Nachhilfe unter Aufsicht von spezialisierten Lehrkr\u00e4ften.<\/div><div class='skill__wrapper__cta icon-right-arrow'><\/svg><\/div><\/div><\/a><\/div><div class='skill' data-skill data-skill-category='servizi-al-pubblico'><a href='\/de\/dienstleistungen#sostegno-collocamento'><div class='skill__wrapper'><div class='skill__wrapper__title'><div class='skill__wrapper__title__text' data-title='Unterst\u00fctzung bei der Arbeitsvermittlung' data-skill-title>Unterst\u00fctzung bei der Arbeitsvermittlung <\/div><\/div><div class='skill__wrapper__name'>Unterst\u00fctzung bei der Arbeitsvermittlung<\/div><div class='skill__wrapper__content'>Unterst\u00fctzung bei der Arbeitsvermittlung durch das Erlernen folgender F\u00e4higkeiten:\r\nTechniken bei der Stellensuche \u2013 Erarbeitung des Lebenslaufs \u2013 Erstellung eines Bewerbungsschreibens \u2013 Vorbereitung auf Bewerbungsgespr\u00e4che.\r\n\r\nPersonalisierte Unterst\u00fctzung bei der Arbeitssuche.\r\n<\/div><div class='skill__wrapper__cta icon-right-arrow'><\/svg><\/div><\/div><\/a><\/div><div class='skill' data-skill data-skill-category='servizi-al-pubblico'><a href='\/de\/dienstleistungen#coaching-personalizzati'><div class='skill__wrapper'><div class='skill__wrapper__title'><div class='skill__wrapper__title__text' data-title='Personalisiertes Coaching' data-skill-title>Personalisiertes Coaching <\/div><\/div><div class='skill__wrapper__name'>Personalisiertes Coaching<\/div><div class='skill__wrapper__content'>Individuelle Begleitung der verschiedenen Berufsprofile je nach spezifischer Wiedereingliederung. <\/div><div class='skill__wrapper__cta icon-right-arrow'><\/svg><\/div><\/div><\/a><\/div><\/div><\/div><\/div><div class='introduction clearfix '><h2 class='introduction__title'>Servizi<\/h2><div class='introduction__text'><p>Grazie alla sua rete di esperti, che lavorano in un\u2019ottica interdisciplinare, SIL attiva e integra le proprie prestazioni secondo il processo di <a href=\"https:\/\/www.sil.swiss\/de\/konzept\/#case-management\">case management<\/a>, ponendo i bisogni della persona al centro del servizio.<br \/>\nSIL offre una vasta rete di servizi per\u00a0l\u2019accoglienza della persona;\u00a0<strong>l\u2019ascolto attivo,\u00a0la comprensione partecipata,\u00a0l\u2019analisi della situazione,\u00a0le strategie d\u2019intervento,\u00a0il bilancio e l\u2019accertamento delle competenze,\u00a0l\u2019orientamento professionale,\u00a0la formazione,\u00a0la riqualificazione,\u00a0l\u2019integrazione lavorativa.<\/strong><\/p>\n<p><strong>Grazie alla competenza e all\u2019esperienza sul terreno acquisite dai suoi professionisti, SIL pianifica servizi anche per le Risorse Umane Aziendali.<\/strong><\/p>\n<\/div><\/div><\/div><\/div>[\/vc_column][\/vc_row][vc_row][vc_column]<div class='basic-container basic-container--bg-black basic-container--text-white  clearfix' data-row><div class='basic-container__content basic-container__content--full-width'><div class='cta-band '><div class='cta-band__content clearfix'><div class='cta-band__content__figure'><picture><source srcset='https:\/\/www.sil.swiss\/wp-content\/uploads\/2022\/04\/Dott_fot12.png' media='(max-width: 767px)'  alt=''><img src='https:\/\/www.sil.swiss\/wp-content\/uploads\/2022\/02\/Metodo_SIL-scaled.jpg' alt=''><\/picture><div class='cta-band__content__figure__title'>Konzept<\/div><\/div><div class='cta-band__content__wrapper'><div class='cta-band__content__wrapper__description'><div class='cta-band__content__wrapper__description__text'><\/div><div class='cta-band__content__wrapper__description__link'><a href='https:\/\/www.sil.swiss\/de\/konzept\/'class='cta-band__content__wrapper__description__link__cta' >Erfahren Sie mehr<\/a><\/div<\/div><\/div><\/div><\/div><\/div><\/div>[\/vc_column][\/vc_row]<\/p>\n","protected":false},"excerpt":{"rendered":"<p>[vc_row][vc_column][\/vc_column][\/vc_row][vc_row][vc_column][\/vc_column][\/vc_row][vc_row el_id=&#8221;coaching-in-azienda&#8221;][vc_column][\/vc_column][\/vc_row][vc_row el_id=&#8221;corsi-formazione-aziendale&#8221;][vc_column][\/vc_column][\/vc_row][vc_row el_id=&#8221;recruitment-selezione-personale&#8221;][vc_column][\/vc_column][\/vc_row][vc_row el_id=&#8221;newplacement-aziendale&#8221;][vc_column][\/vc_column][\/vc_row][vc_row el_id=&#8221;valutazione-stress-lavoro&#8221;][vc_column][\/vc_column][\/vc_row][vc_row][vc_column][\/vc_column][\/vc_row][vc_row el_id=&#8221;assessment-psicologico&#8221;][vc_column][\/vc_column][\/vc_row][vc_row el_id=&#8221;valutazioni-mediche&#8221;][vc_column][\/vc_column][\/vc_row][vc_row el_id=&#8221;analisi-bilancio-competenze&#8221;][vc_column][\/vc_column][\/vc_row][vc_row el_id=&#8221;orientamento-professionale&#8221;][vc_column][\/vc_column][\/vc_row][vc_row el_id=&#8221;accertamento-professionale&#8221;][vc_column][\/vc_column][\/vc_row][vc_row el_id=&#8221;laboratori-di-accertamento&#8221;][vc_column][\/vc_column][\/vc_row][vc_row el_id=&#8221;formazione-sostegno-scolastico&#8221;][vc_column][\/vc_column][\/vc_row][vc_row el_id=&#8221;sostegno-collocamento&#8221;][vc_column][\/vc_column][\/vc_row][vc_row el_id=&#8221;coaching-personalizzati&#8221;][vc_column][\/vc_column][\/vc_row][vc_row disable_element=&#8221;yes&#8221;][vc_column][\/vc_column][\/vc_row][vc_row][vc_column][\/vc_column][\/vc_row]<\/p>\n","protected":false},"author":1,"featured_media":0,"parent":0,"menu_order":0,"comment_status":"closed","ping_status":"closed","template":"page-templates\/regular-page.php","meta":{"_acf_changed":false,"footnotes":""},"class_list":["post-1994","page","type-page","status-publish","hentry"],"acf":[],"yoast_head":"<!-- This site is optimized with the Yoast SEO plugin v27.4 - https:\/\/yoast.com\/product\/yoast-seo-wordpress\/ -->\n<title>Dienstleistungen - SIL<\/title>\n<meta name=\"robots\" content=\"index, follow, max-snippet:-1, max-image-preview:large, max-video-preview:-1\" \/>\n<link rel=\"canonical\" href=\"https:\/\/www.sil.swiss\/de\/dienstleistungen\/\" \/>\n<meta property=\"og:locale\" content=\"de_DE\" \/>\n<meta property=\"og:type\" content=\"article\" \/>\n<meta property=\"og:title\" content=\"Dienstleistungen - SIL\" \/>\n<meta property=\"og:description\" content=\"[vc_row][vc_column][\/vc_column][\/vc_row][vc_row][vc_column][\/vc_column][\/vc_row][vc_row el_id=&#8221;coaching-in-azienda&#8221;][vc_column][\/vc_column][\/vc_row][vc_row el_id=&#8221;corsi-formazione-aziendale&#8221;][vc_column][\/vc_column][\/vc_row][vc_row el_id=&#8221;recruitment-selezione-personale&#8221;][vc_column][\/vc_column][\/vc_row][vc_row el_id=&#8221;newplacement-aziendale&#8221;][vc_column][\/vc_column][\/vc_row][vc_row el_id=&#8221;valutazione-stress-lavoro&#8221;][vc_column][\/vc_column][\/vc_row][vc_row][vc_column][\/vc_column][\/vc_row][vc_row el_id=&#8221;assessment-psicologico&#8221;][vc_column][\/vc_column][\/vc_row][vc_row el_id=&#8221;valutazioni-mediche&#8221;][vc_column][\/vc_column][\/vc_row][vc_row el_id=&#8221;analisi-bilancio-competenze&#8221;][vc_column][\/vc_column][\/vc_row][vc_row el_id=&#8221;orientamento-professionale&#8221;][vc_column][\/vc_column][\/vc_row][vc_row el_id=&#8221;accertamento-professionale&#8221;][vc_column][\/vc_column][\/vc_row][vc_row el_id=&#8221;laboratori-di-accertamento&#8221;][vc_column][\/vc_column][\/vc_row][vc_row el_id=&#8221;formazione-sostegno-scolastico&#8221;][vc_column][\/vc_column][\/vc_row][vc_row el_id=&#8221;sostegno-collocamento&#8221;][vc_column][\/vc_column][\/vc_row][vc_row el_id=&#8221;coaching-personalizzati&#8221;][vc_column][\/vc_column][\/vc_row][vc_row disable_element=&#8221;yes&#8221;][vc_column][\/vc_column][\/vc_row][vc_row][vc_column][\/vc_column][\/vc_row]\" \/>\n<meta property=\"og:url\" content=\"https:\/\/www.sil.swiss\/de\/dienstleistungen\/\" \/>\n<meta property=\"og:site_name\" content=\"SIL\" \/>\n<meta property=\"article:modified_time\" content=\"2025-12-22T12:31:56+00:00\" \/>\n<meta name=\"twitter:card\" content=\"summary_large_image\" \/>\n<meta name=\"twitter:label1\" content=\"Gesch\u00e4tzte Lesezeit\" \/>\n\t<meta name=\"twitter:data1\" content=\"5 Minuten\" \/>\n<script type=\"application\/ld+json\" class=\"yoast-schema-graph\">{\"@context\":\"https:\\\/\\\/schema.org\",\"@graph\":[{\"@type\":\"WebPage\",\"@id\":\"https:\\\/\\\/www.sil.swiss\\\/de\\\/dienstleistungen\\\/\",\"url\":\"https:\\\/\\\/www.sil.swiss\\\/de\\\/dienstleistungen\\\/\",\"name\":\"Dienstleistungen - SIL\",\"isPartOf\":{\"@id\":\"https:\\\/\\\/www.sil.swiss\\\/#website\"},\"datePublished\":\"2021-10-25T14:29:21+00:00\",\"dateModified\":\"2025-12-22T12:31:56+00:00\",\"breadcrumb\":{\"@id\":\"https:\\\/\\\/www.sil.swiss\\\/de\\\/dienstleistungen\\\/#breadcrumb\"},\"inLanguage\":\"de-DE\",\"potentialAction\":[{\"@type\":\"ReadAction\",\"target\":[\"https:\\\/\\\/www.sil.swiss\\\/de\\\/dienstleistungen\\\/\"]}]},{\"@type\":\"BreadcrumbList\",\"@id\":\"https:\\\/\\\/www.sil.swiss\\\/de\\\/dienstleistungen\\\/#breadcrumb\",\"itemListElement\":[{\"@type\":\"ListItem\",\"position\":1,\"name\":\"Home\",\"item\":\"https:\\\/\\\/www.sil.swiss\\\/de\\\/\"},{\"@type\":\"ListItem\",\"position\":2,\"name\":\"Dienstleistungen\"}]},{\"@type\":\"WebSite\",\"@id\":\"https:\\\/\\\/www.sil.swiss\\\/#website\",\"url\":\"https:\\\/\\\/www.sil.swiss\\\/\",\"name\":\"SIL\",\"description\":\"\",\"potentialAction\":[{\"@type\":\"SearchAction\",\"target\":{\"@type\":\"EntryPoint\",\"urlTemplate\":\"https:\\\/\\\/www.sil.swiss\\\/?s={search_term_string}\"},\"query-input\":{\"@type\":\"PropertyValueSpecification\",\"valueRequired\":true,\"valueName\":\"search_term_string\"}}],\"inLanguage\":\"de-DE\"}]}<\/script>\n<!-- \/ Yoast SEO plugin. -->","yoast_head_json":{"title":"Dienstleistungen - SIL","robots":{"index":"index","follow":"follow","max-snippet":"max-snippet:-1","max-image-preview":"max-image-preview:large","max-video-preview":"max-video-preview:-1"},"canonical":"https:\/\/www.sil.swiss\/de\/dienstleistungen\/","og_locale":"de_DE","og_type":"article","og_title":"Dienstleistungen - SIL","og_description":"[vc_row][vc_column][\/vc_column][\/vc_row][vc_row][vc_column][\/vc_column][\/vc_row][vc_row el_id=&#8221;coaching-in-azienda&#8221;][vc_column][\/vc_column][\/vc_row][vc_row el_id=&#8221;corsi-formazione-aziendale&#8221;][vc_column][\/vc_column][\/vc_row][vc_row el_id=&#8221;recruitment-selezione-personale&#8221;][vc_column][\/vc_column][\/vc_row][vc_row el_id=&#8221;newplacement-aziendale&#8221;][vc_column][\/vc_column][\/vc_row][vc_row el_id=&#8221;valutazione-stress-lavoro&#8221;][vc_column][\/vc_column][\/vc_row][vc_row][vc_column][\/vc_column][\/vc_row][vc_row el_id=&#8221;assessment-psicologico&#8221;][vc_column][\/vc_column][\/vc_row][vc_row el_id=&#8221;valutazioni-mediche&#8221;][vc_column][\/vc_column][\/vc_row][vc_row el_id=&#8221;analisi-bilancio-competenze&#8221;][vc_column][\/vc_column][\/vc_row][vc_row el_id=&#8221;orientamento-professionale&#8221;][vc_column][\/vc_column][\/vc_row][vc_row el_id=&#8221;accertamento-professionale&#8221;][vc_column][\/vc_column][\/vc_row][vc_row el_id=&#8221;laboratori-di-accertamento&#8221;][vc_column][\/vc_column][\/vc_row][vc_row el_id=&#8221;formazione-sostegno-scolastico&#8221;][vc_column][\/vc_column][\/vc_row][vc_row el_id=&#8221;sostegno-collocamento&#8221;][vc_column][\/vc_column][\/vc_row][vc_row el_id=&#8221;coaching-personalizzati&#8221;][vc_column][\/vc_column][\/vc_row][vc_row disable_element=&#8221;yes&#8221;][vc_column][\/vc_column][\/vc_row][vc_row][vc_column][\/vc_column][\/vc_row]","og_url":"https:\/\/www.sil.swiss\/de\/dienstleistungen\/","og_site_name":"SIL","article_modified_time":"2025-12-22T12:31:56+00:00","twitter_card":"summary_large_image","twitter_misc":{"Gesch\u00e4tzte Lesezeit":"5 Minuten"},"schema":{"@context":"https:\/\/schema.org","@graph":[{"@type":"WebPage","@id":"https:\/\/www.sil.swiss\/de\/dienstleistungen\/","url":"https:\/\/www.sil.swiss\/de\/dienstleistungen\/","name":"Dienstleistungen - SIL","isPartOf":{"@id":"https:\/\/www.sil.swiss\/#website"},"datePublished":"2021-10-25T14:29:21+00:00","dateModified":"2025-12-22T12:31:56+00:00","breadcrumb":{"@id":"https:\/\/www.sil.swiss\/de\/dienstleistungen\/#breadcrumb"},"inLanguage":"de-DE","potentialAction":[{"@type":"ReadAction","target":["https:\/\/www.sil.swiss\/de\/dienstleistungen\/"]}]},{"@type":"BreadcrumbList","@id":"https:\/\/www.sil.swiss\/de\/dienstleistungen\/#breadcrumb","itemListElement":[{"@type":"ListItem","position":1,"name":"Home","item":"https:\/\/www.sil.swiss\/de\/"},{"@type":"ListItem","position":2,"name":"Dienstleistungen"}]},{"@type":"WebSite","@id":"https:\/\/www.sil.swiss\/#website","url":"https:\/\/www.sil.swiss\/","name":"SIL","description":"","potentialAction":[{"@type":"SearchAction","target":{"@type":"EntryPoint","urlTemplate":"https:\/\/www.sil.swiss\/?s={search_term_string}"},"query-input":{"@type":"PropertyValueSpecification","valueRequired":true,"valueName":"search_term_string"}}],"inLanguage":"de-DE"}]}},"_links":{"self":[{"href":"https:\/\/www.sil.swiss\/de\/wp-json\/wp\/v2\/pages\/1994","targetHints":{"allow":["GET"]}}],"collection":[{"href":"https:\/\/www.sil.swiss\/de\/wp-json\/wp\/v2\/pages"}],"about":[{"href":"https:\/\/www.sil.swiss\/de\/wp-json\/wp\/v2\/types\/page"}],"author":[{"embeddable":true,"href":"https:\/\/www.sil.swiss\/de\/wp-json\/wp\/v2\/users\/1"}],"replies":[{"embeddable":true,"href":"https:\/\/www.sil.swiss\/de\/wp-json\/wp\/v2\/comments?post=1994"}],"version-history":[{"count":10,"href":"https:\/\/www.sil.swiss\/de\/wp-json\/wp\/v2\/pages\/1994\/revisions"}],"predecessor-version":[{"id":2568,"href":"https:\/\/www.sil.swiss\/de\/wp-json\/wp\/v2\/pages\/1994\/revisions\/2568"}],"wp:attachment":[{"href":"https:\/\/www.sil.swiss\/de\/wp-json\/wp\/v2\/media?parent=1994"}],"curies":[{"name":"wp","href":"https:\/\/api.w.org\/{rel}","templated":true}]}}