{"id":1991,"date":"2021-10-25T16:24:04","date_gmt":"2021-10-25T14:24:04","guid":{"rendered":"https:\/\/www.sil.swiss\/metodo\/"},"modified":"2025-12-12T15:38:06","modified_gmt":"2025-12-12T14:38:06","slug":"konzept","status":"publish","type":"page","link":"https:\/\/www.sil.swiss\/de\/konzept\/","title":{"rendered":"Konzept"},"content":{"rendered":"<p>[vc_row css=&#8221;.vc_custom_1645700668323{background-color: #ffffff !important;}&#8221;][vc_column]<div class='basic-container basic-container--bg-grey basic-container--text-black  clearfix' data-row><div class='basic-container__content basic-container__content--standard'><div class='introduction introduction--no-top-padding-desktop clearfix '><h2 class='introduction__title'>KONZEPT<\/h2><div class='introduction__text'><p>Die beruflichen Kompetenzen werden vor Ort und bei SIL geschult und erprobt. Dies bereitet die Person darauf vor, sich den tats\u00e4chlichen Schwierigkeiten zu stellen, die an ihrem neuen Arbeitsplatz auftreten k\u00f6nnen.<\/p>\n<p>Jeder Weg zur Arbeitsintegration ist ein B\u00fcndnis zwischen der Person, die die Dienstleistung anfordert, und SIL. Ein Team von Experten, das sich je nach Situation von Mal zu Mal unterscheidet, startet das Projekt jeweils mit dem Konzept, den Bed\u00fcrfnissen der betroffenen Person gerecht zu werden, wobei sich der massgeschneiderte Ansatz von SIL gut in die <em>Case-Management-Methode<\/em> integrieren l\u00e4sst.<\/p>\n<div id=\"case-management\"><span style=\"color: #000000;\"><b>Was ist Case Management?- <\/b><\/span>Die American Case Management Association (ACMA) definiert Case Management als <em>\u00abgemeinsamen Prozess der Beurteilung, Planung, der koordinierten Unterst\u00fctzung, Bewertung und F\u00fcrsprache f\u00fcr Optionen und Leistungen, die den globalen Gesundheitsbedarf der Person und der Familie nachkommen, durch Kommunikation und verf\u00fcgbare Ressourcen zur F\u00f6rderung qualitativ hochwertiger und kosteneffizienter Ergebnisse\u00bb<\/em> (CMSA 2012).<\/div>\n<p><span style=\"color: #ffffff;\">.<\/span><br \/>\n<strong><span style=\"color: #003366;\">&gt;<\/span> Case Management: Unser Engagement, unsere Leidenschaft.<\/strong><\/p>\n<p>W\u00e4hrend des Integrationsprozesses begleitet das Team von SIL die Person, bis sie die definierten Ziele erreicht hat und beruflich vollst\u00e4ndig integriert ist: Wir halten die Beziehung, die wir mit der Person aufgebaut haben, bis zum Ende aufrecht und am Leben.<\/p>\n<p>Wir engagieren uns kontinuierlich und best\u00e4ndig: Bei Bedarf ist es jederzeit m\u00f6glich, psychologische Unterst\u00fctzung und\/oder Coaching zu aktivieren, genauso wie Schulungen zu Themen wie Selbstwertgef\u00fchl, Selbstkontrolle und Umgang mit Emotionen.<\/p>\n<p><strong><span style=\"color: #003366;\">&gt;\u00a0<\/span>Herausforderung vor Ort<\/strong><\/p>\n<p>Der Weg der sozialen und beruflichen Integration hat das Ziel, Eigenst\u00e4ndigkeit durch Selbstbestimmung der Person zu f\u00f6rdern. Es ist wichtig, dass Entscheidungen im Einklang mit den eigenen Lebensentscheidungen getroffen werden. Unsere Aufgabe besteht nicht darin, diese zu lenken, sondern sie zu unterst\u00fctzen, indem wir gemeinsam reelle Optionen und Herausforderungen bewerten, die den erworbenen F\u00e4higkeiten angemessen sind. Bei SIL werden die beruflichen Kompetenzen vor Ort im Rahmen des gew\u00e4hlten Berufsfelds geschult und erprobt. Dies bereitet die Person darauf vor, sich auch den tats\u00e4chlichen Schwierigkeiten zu stellen, die an ihrem neuen Arbeitsplatz auftreten k\u00f6nnen.<\/p>\n<\/div><\/div><\/div><\/div>[\/vc_column][\/vc_row][vc_row][vc_column]<div class='basic-container basic-container--bg-white basic-container--text-black  clearfix' data-row><div class='basic-container__content basic-container__content--standard'><div class='introduction introduction--no-top-padding-desktop clearfix '><h2 class='introduction__title'>DER WEG<\/h2><div class='introduction__text'><p><strong>Die von SIL angebotenen Dienstleistungen werden in vier Interventionsbereiche aufgeteilt, die zugleich die verschiedenen Phasen des Prozesses darstellen.<\/strong><\/p>\n<p><strong><span style=\"color: #003366;\">&gt;<\/span> Analyse und Bewertung<br \/>\n<\/strong><\/p>\n<p>In Schritt eins h\u00f6ren wir zu, welche Bed\u00fcrfnisse die Person hat, und analysieren die Situation. In dieser Phase werden die Bewertungsdienste aktiviert, die auf die Bed\u00fcrfnisse des Einzelnen ausgerichtet sind, beginnend bei der arbeitsmedizinischen Eignungsbeurteilung, der psychologischen Bewertung, und abschliessend der Sondierung vorhandener Kompetenzen, ob in Bezug auf Soft Skills oder spezifische technische F\u00e4higkeiten. Damit sollen Potenziale und Einschr\u00e4nkungen aufgedeckt werden, die in den sp\u00e4teren Phasen des Projekts zu ber\u00fccksichtigen sind. In dieser Phase beginnt der Prozess der Orientierung und der Definition beruflicher Ziele auf Grundlage des Arbeitsmarktangebots.<\/p>\n<p><strong><span style=\"color: #003366;\">&gt;<\/span> Praktische Phase: Am Arbeitsplatz, in der Werkst\u00e4tte oder im Betrieb<br \/>\n<\/strong><\/p>\n<p>In diesem Schritt wird das Projekt direkt auf den Arbeitsplatz \u00fcbertragen: k\u00f6rperliche und geistige Belastbarkeit sowie erworbene Kompetenzen werden im Alltag erprobt. SIL bietet die M\u00f6glichkeit, Erfahrungen in eigenen Werkst\u00e4tten zu sammeln, oder direkt im Betrieb \u2013 dank der Zusammenarbeit mit einem engmaschigen Netz lokaler Unternehmen.<\/p>\n<p>In unseren Werkst\u00e4tten bewerten Lehrkr\u00e4fte die erworbenen F\u00e4higkeiten und ungenutztes Potenzial. Hier werden die Zeitr\u00e4ume und Meilensteine definiert, wobei auch die Fortschritte der Person verfolgt werden. Im Unternehmen koordiniert unser Berater sein Mitwirken bei der Arbeitsorganisation und der von den SIL-Massnahmen betroffen Person, um geeignete Ziele und Aktivit\u00e4ten festzulegen. Der Berater unterst\u00fctzt sowohl die Arbeitskraft als auch den Arbeitgeber kontinuierlich in einer Aufsichtsfunktion. In beiden F\u00e4llen endet die praktische Phase mit einer Bewertung des eingeschlagenen Wegs und der beruflichen Eignung aus technisch-betrieblicher und relational-sozialer Sicht, aber auch in Bezug auf die Motivation sowie die k\u00f6rperliche und geistige Belastbarkeit. In dieser Phase kann das gesamte Netzwerk von Fachleuten entsprechend den Bed\u00fcrfnissen der Person und des Unternehmens aktiviert werden (medizinische\/psychologische Beratung, Orientierung, Coaching, Schulung usw.).<\/p>\n<p><strong><span style=\"color: #003366;\">&gt;<\/span> Schul- und Berufsausbildung<\/strong><\/p>\n<p>In diesem Bereich ist es Aufgabe der Lehrkraft, die zu erreichenden Ziele zu definieren und die Fortschritte w\u00e4hrend des Lernprozesses zu bewerten, die gegebenenfalls erforderlich sind, um neue berufliche Kompetenzen zu erwerben, zu erweitern oder zu vervollst\u00e4ndigen.<\/p>\n<p><strong><span style=\"color: #003366;\">&gt;\u00a0<\/span>Unterst\u00fctzung bei der Arbeitsvermittlung<\/strong><\/p>\n<p>Sobald sich das Ende der Erprobungsphase n\u00e4hert, konzentriert sich der SIL-Berater auf die Arbeitssuche. Die Person wird bei Bedarf eingewiesen, wie die Arbeitssuche abl\u00e4uft, ein Lebenslauf und ein Bewerbungsschreiben aufgesetzt werden, und wie ein Bewerbungsgespr\u00e4ch durchgef\u00fchrt wird. Auch in dieser letzten Phase ist es m\u00f6glich, die Unterst\u00fctzung des gesamten Expertennetzwerks und zus\u00e4tzliche Dienstleistungen zu aktivieren.<\/p>\n<\/div><\/div><\/div><\/div>[\/vc_column][\/vc_row][vc_row css=&#8221;.vc_custom_1650981161112{background-color: #ffffff !important;background-position: center !important;background-repeat: no-repeat !important;background-size: cover !important;}&#8221;][vc_column]<div class='basic-container basic-container--bg-grey basic-container--text-black  clearfix' data-row><div class='basic-container__content basic-container__content--standard'><div class='introduction introduction--no-top-padding-desktop clearfix '><h2 class='introduction__title'>DIE VORTEILE<\/h2><div class='introduction__text'><p>Dank SIL erkennen Arbeitskr\u00e4fte, die in Schwierigkeiten geraten sind, dass die aufgetretenen Hindernisse ihre Arbeitsleistung nicht gef\u00e4hrden. Sie gewinnen vielmehr das Vertrauen in ihre pers\u00f6nlichen und beruflichen F\u00e4higkeiten zur\u00fcck, indem sie ihr Potenzial als wahren Mehrwert des Projekts entwickeln und umsetzen.<\/p>\n<p>Unternehmen finden dadurch qualifiziertes und hoch motiviertes Personal, das den tats\u00e4chlichen Bed\u00fcrfnissen der Arbeitsorganisation nachkommt. Die Vorbereitung der Arbeitskr\u00e4fte, die den SIL-Weg eingeschlagen haben, ist konkret und garantiert \u2013 und wird nicht nur in einem Lebenslauf erz\u00e4hlt. Die Berufsbilder f\u00fcr ein Unternehmen werden immer sorgf\u00e4ltig ausgew\u00e4hlt, denn sie m\u00fcssen f\u00fcr beide Seiten stimmen.<\/p>\n<p>Wir haben in den vergangenen Jahren ein breites Spektrum an Profilen in Unternehmen integriert, unter anderem: Junioren, Mittelstufe und Senioren, junge Lehrlinge und erfahrene F\u00fchrungskr\u00e4fte. Unsere Erfahrung in verschiedenen Sektoren umfasst unter anderem: Handwerk, Handel, IKT, Administrative Dienste, Kommunikation sowie Bauwesen.<\/p>\n<\/div><\/div><\/div><\/div>[\/vc_column][\/vc_row][vc_row css=&#8221;.vc_custom_1645620506052{background-color: #efefef !important;}&#8221;][vc_column]<div class='basic-container basic-container--bg-white basic-container--text-black  clearfix' data-row><div class='basic-container__content basic-container__content--full-width'><div class='cta-band '><div class='cta-band__content clearfix'><div class='cta-band__content__figure'><picture><source srcset='https:\/\/www.sil.swiss\/wp-content\/uploads\/2024\/07\/Esterno_SIL-e1721469761460.jpg' media='(max-width: 767px)'  alt=''><img src='https:\/\/www.sil.swiss\/wp-content\/uploads\/2024\/07\/Esterno_SIL-e1721469761460.jpg' alt=''><\/picture><div class='cta-band__content__figure__title'>Kontakt<\/div><\/div><div class='cta-band__content__wrapper'><div class='cta-band__content__wrapper__description'><div class='cta-band__content__wrapper__description__text'><\/div><div class='cta-band__content__wrapper__description__link'><a href='https:\/\/www.sil.swiss\/de\/kontakt\/'class='cta-band__content__wrapper__description__link__cta' >Kontakt<\/a><\/div<\/div><\/div><\/div><\/div><\/div><\/div>[\/vc_column][\/vc_row]<\/p>\n","protected":false},"excerpt":{"rendered":"<p>[vc_row css=&#8221;.vc_custom_1645700668323{background-color: #ffffff !important;}&#8221;][vc_column][\/vc_column][\/vc_row][vc_row][vc_column][\/vc_column][\/vc_row][vc_row css=&#8221;.vc_custom_1650981161112{background-color: #ffffff !important;background-position: center !important;background-repeat: no-repeat !important;background-size: cover !important;}&#8221;][vc_column][\/vc_column][\/vc_row][vc_row css=&#8221;.vc_custom_1645620506052{background-color: #efefef !important;}&#8221;][vc_column][\/vc_column][\/vc_row]<\/p>\n","protected":false},"author":1,"featured_media":0,"parent":0,"menu_order":0,"comment_status":"closed","ping_status":"closed","template":"page-templates\/regular-page.php","meta":{"_acf_changed":false,"footnotes":""},"class_list":["post-1991","page","type-page","status-publish","hentry"],"acf":[],"yoast_head":"<!-- This site is optimized with the Yoast SEO plugin v27.4 - https:\/\/yoast.com\/product\/yoast-seo-wordpress\/ -->\n<title>Konzept - SIL<\/title>\n<meta name=\"robots\" content=\"index, follow, max-snippet:-1, max-image-preview:large, max-video-preview:-1\" \/>\n<link rel=\"canonical\" href=\"https:\/\/www.sil.swiss\/de\/konzept\/\" \/>\n<meta property=\"og:locale\" content=\"de_DE\" \/>\n<meta property=\"og:type\" content=\"article\" \/>\n<meta property=\"og:title\" content=\"Konzept - SIL\" \/>\n<meta property=\"og:description\" content=\"[vc_row css=&#8221;.vc_custom_1645700668323{background-color: #ffffff !important;}&#8221;][vc_column][\/vc_column][\/vc_row][vc_row][vc_column][\/vc_column][\/vc_row][vc_row css=&#8221;.vc_custom_1650981161112{background-color: #ffffff !important;background-position: center !important;background-repeat: no-repeat !important;background-size: cover !important;}&#8221;][vc_column][\/vc_column][\/vc_row][vc_row css=&#8221;.vc_custom_1645620506052{background-color: #efefef !important;}&#8221;][vc_column][\/vc_column][\/vc_row]\" \/>\n<meta property=\"og:url\" content=\"https:\/\/www.sil.swiss\/de\/konzept\/\" \/>\n<meta property=\"og:site_name\" content=\"SIL\" \/>\n<meta property=\"article:modified_time\" content=\"2025-12-12T14:38:06+00:00\" \/>\n<meta name=\"twitter:card\" content=\"summary_large_image\" \/>\n<meta name=\"twitter:label1\" content=\"Gesch\u00e4tzte Lesezeit\" \/>\n\t<meta name=\"twitter:data1\" content=\"6 Minuten\" \/>\n<script type=\"application\/ld+json\" class=\"yoast-schema-graph\">{\"@context\":\"https:\\\/\\\/schema.org\",\"@graph\":[{\"@type\":\"WebPage\",\"@id\":\"https:\\\/\\\/www.sil.swiss\\\/de\\\/konzept\\\/\",\"url\":\"https:\\\/\\\/www.sil.swiss\\\/de\\\/konzept\\\/\",\"name\":\"Konzept - SIL\",\"isPartOf\":{\"@id\":\"https:\\\/\\\/www.sil.swiss\\\/#website\"},\"datePublished\":\"2021-10-25T14:24:04+00:00\",\"dateModified\":\"2025-12-12T14:38:06+00:00\",\"breadcrumb\":{\"@id\":\"https:\\\/\\\/www.sil.swiss\\\/de\\\/konzept\\\/#breadcrumb\"},\"inLanguage\":\"de-DE\",\"potentialAction\":[{\"@type\":\"ReadAction\",\"target\":[\"https:\\\/\\\/www.sil.swiss\\\/de\\\/konzept\\\/\"]}]},{\"@type\":\"BreadcrumbList\",\"@id\":\"https:\\\/\\\/www.sil.swiss\\\/de\\\/konzept\\\/#breadcrumb\",\"itemListElement\":[{\"@type\":\"ListItem\",\"position\":1,\"name\":\"Home\",\"item\":\"https:\\\/\\\/www.sil.swiss\\\/de\\\/\"},{\"@type\":\"ListItem\",\"position\":2,\"name\":\"Konzept\"}]},{\"@type\":\"WebSite\",\"@id\":\"https:\\\/\\\/www.sil.swiss\\\/#website\",\"url\":\"https:\\\/\\\/www.sil.swiss\\\/\",\"name\":\"SIL\",\"description\":\"\",\"potentialAction\":[{\"@type\":\"SearchAction\",\"target\":{\"@type\":\"EntryPoint\",\"urlTemplate\":\"https:\\\/\\\/www.sil.swiss\\\/?s={search_term_string}\"},\"query-input\":{\"@type\":\"PropertyValueSpecification\",\"valueRequired\":true,\"valueName\":\"search_term_string\"}}],\"inLanguage\":\"de-DE\"}]}<\/script>\n<!-- \/ Yoast SEO plugin. -->","yoast_head_json":{"title":"Konzept - SIL","robots":{"index":"index","follow":"follow","max-snippet":"max-snippet:-1","max-image-preview":"max-image-preview:large","max-video-preview":"max-video-preview:-1"},"canonical":"https:\/\/www.sil.swiss\/de\/konzept\/","og_locale":"de_DE","og_type":"article","og_title":"Konzept - SIL","og_description":"[vc_row css=&#8221;.vc_custom_1645700668323{background-color: #ffffff !important;}&#8221;][vc_column][\/vc_column][\/vc_row][vc_row][vc_column][\/vc_column][\/vc_row][vc_row css=&#8221;.vc_custom_1650981161112{background-color: #ffffff !important;background-position: center !important;background-repeat: no-repeat !important;background-size: cover !important;}&#8221;][vc_column][\/vc_column][\/vc_row][vc_row css=&#8221;.vc_custom_1645620506052{background-color: #efefef !important;}&#8221;][vc_column][\/vc_column][\/vc_row]","og_url":"https:\/\/www.sil.swiss\/de\/konzept\/","og_site_name":"SIL","article_modified_time":"2025-12-12T14:38:06+00:00","twitter_card":"summary_large_image","twitter_misc":{"Gesch\u00e4tzte Lesezeit":"6 Minuten"},"schema":{"@context":"https:\/\/schema.org","@graph":[{"@type":"WebPage","@id":"https:\/\/www.sil.swiss\/de\/konzept\/","url":"https:\/\/www.sil.swiss\/de\/konzept\/","name":"Konzept - SIL","isPartOf":{"@id":"https:\/\/www.sil.swiss\/#website"},"datePublished":"2021-10-25T14:24:04+00:00","dateModified":"2025-12-12T14:38:06+00:00","breadcrumb":{"@id":"https:\/\/www.sil.swiss\/de\/konzept\/#breadcrumb"},"inLanguage":"de-DE","potentialAction":[{"@type":"ReadAction","target":["https:\/\/www.sil.swiss\/de\/konzept\/"]}]},{"@type":"BreadcrumbList","@id":"https:\/\/www.sil.swiss\/de\/konzept\/#breadcrumb","itemListElement":[{"@type":"ListItem","position":1,"name":"Home","item":"https:\/\/www.sil.swiss\/de\/"},{"@type":"ListItem","position":2,"name":"Konzept"}]},{"@type":"WebSite","@id":"https:\/\/www.sil.swiss\/#website","url":"https:\/\/www.sil.swiss\/","name":"SIL","description":"","potentialAction":[{"@type":"SearchAction","target":{"@type":"EntryPoint","urlTemplate":"https:\/\/www.sil.swiss\/?s={search_term_string}"},"query-input":{"@type":"PropertyValueSpecification","valueRequired":true,"valueName":"search_term_string"}}],"inLanguage":"de-DE"}]}},"_links":{"self":[{"href":"https:\/\/www.sil.swiss\/de\/wp-json\/wp\/v2\/pages\/1991","targetHints":{"allow":["GET"]}}],"collection":[{"href":"https:\/\/www.sil.swiss\/de\/wp-json\/wp\/v2\/pages"}],"about":[{"href":"https:\/\/www.sil.swiss\/de\/wp-json\/wp\/v2\/types\/page"}],"author":[{"embeddable":true,"href":"https:\/\/www.sil.swiss\/de\/wp-json\/wp\/v2\/users\/1"}],"replies":[{"embeddable":true,"href":"https:\/\/www.sil.swiss\/de\/wp-json\/wp\/v2\/comments?post=1991"}],"version-history":[{"count":9,"href":"https:\/\/www.sil.swiss\/de\/wp-json\/wp\/v2\/pages\/1991\/revisions"}],"predecessor-version":[{"id":2090,"href":"https:\/\/www.sil.swiss\/de\/wp-json\/wp\/v2\/pages\/1991\/revisions\/2090"}],"wp:attachment":[{"href":"https:\/\/www.sil.swiss\/de\/wp-json\/wp\/v2\/media?parent=1991"}],"curies":[{"name":"wp","href":"https:\/\/api.w.org\/{rel}","templated":true}]}}